{"id":24375,"date":"2022-05-09T14:30:34","date_gmt":"2022-05-09T14:30:34","guid":{"rendered":"https:\/\/adhernandez.com\/?page_id=24375"},"modified":"2022-05-09T14:34:26","modified_gmt":"2022-05-09T14:34:26","slug":"gracies-per-contactar","status":"publish","type":"page","link":"https:\/\/adhernandez.com\/ca\/gracies-per-contactar\/","title":{"rendered":"Gr\u00e0cies per contactar"},"content":{"rendered":"\t\t<div data-elementor-type=\"wp-page\" data-elementor-id=\"24375\" class=\"elementor elementor-24375 elementor-24364\">\n\t\t\t\t\t\t<section class=\"elementor-section elementor-top-section elementor-element elementor-element-e394a8d elementor-section-boxed elementor-section-height-default elementor-section-height-default\" data-id=\"e394a8d\" data-element_type=\"section\" data-e-type=\"section\">\n\t\t\t\t\t\t<div class=\"elementor-container elementor-column-gap-default\">\n\t\t\t\t\t<div class=\"elementor-column elementor-col-100 elementor-top-column elementor-element elementor-element-0d4ec04\" data-id=\"0d4ec04\" data-element_type=\"column\" data-e-type=\"column\">\n\t\t\t<div class=\"elementor-widget-wrap elementor-element-populated\">\n\t\t\t\t\t\t<div class=\"elementor-element elementor-element-c65cf2e elementor-widget elementor-widget-text-editor\" data-id=\"c65cf2e\" data-element_type=\"widget\" data-e-type=\"widget\" data-widget_type=\"text-editor.default\">\n\t\t\t\t\t\t\t\t\tEstem encantats de poder ajudar a resoldre qualsevol dubte. Al m\u00e9s aviat possible atendrem la teva sol\u00b7licitud.\t\t\t\t\t\t\t\t<\/div>\n\t\t\t\t\t<\/div>\n\t\t<\/div>\n\t\t\t\t\t<\/div>\n\t\t<\/section>\n\t\t\t\t<section class=\"elementor-section elementor-top-section elementor-element elementor-element-ac7dfa2 elementor-section-boxed elementor-section-height-default elementor-section-height-default\" data-id=\"ac7dfa2\" data-element_type=\"section\" data-e-type=\"section\">\n\t\t\t\t\t\t<div class=\"elementor-container elementor-column-gap-default\">\n\t\t\t\t\t<div class=\"elementor-column elementor-col-100 elementor-top-column elementor-element elementor-element-8899e5f\" data-id=\"8899e5f\" data-element_type=\"column\" data-e-type=\"column\">\n\t\t\t<div class=\"elementor-widget-wrap elementor-element-populated\">\n\t\t\t\t\t\t<div class=\"elementor-element elementor-element-ac4fbf1 elementor-widget elementor-widget-heading\" data-id=\"ac4fbf1\" data-element_type=\"widget\" data-e-type=\"widget\" data-widget_type=\"heading.default\">\n\t\t\t\t\t<h2 class=\"elementor-heading-title elementor-size-default\">Mentre esperes, descobreix les nostres \u00faltimes not\u00edcies:<\/h2>\t\t\t\t<\/div>\n\t\t\t\t\t<\/div>\n\t\t<\/div>\n\t\t\t\t\t<\/div>\n\t\t<\/section>\n\t\t\t\t<section class=\"elementor-section elementor-top-section elementor-element elementor-element-d1b2275 elementor-section-boxed elementor-section-height-default elementor-section-height-default\" data-id=\"d1b2275\" data-element_type=\"section\" data-e-type=\"section\">\n\t\t\t\t\t\t<div class=\"elementor-container elementor-column-gap-default\">\n\t\t\t\t\t<div class=\"elementor-column elementor-col-100 elementor-top-column elementor-element elementor-element-f02cfba\" data-id=\"f02cfba\" data-element_type=\"column\" data-e-type=\"column\">\n\t\t\t<div class=\"elementor-widget-wrap elementor-element-populated\">\n\t\t\t\t\t\t<div class=\"elementor-element elementor-element-f25867a elementor-widget elementor-widget-houzez_elementor_blog_posts\" data-id=\"f25867a\" data-element_type=\"widget\" data-e-type=\"widget\" data-widget_type=\"houzez_elementor_blog_posts.default\">\n\t\t\t\t<div class=\"elementor-widget-container\">\n\t\t\t\t\t\n        <div class=\"blog-posts-module blog-posts-module-v1\">\n            <div class=\"row module-row\">\n                                    <div class=\"col-lg-4 col-md-6\">\n                        <div id=\"post-32844\" class=\"blog-post-item blog-post-item-v1 post-32844 post type-post status-publish format-standard has-post-thumbnail hentry category-blog-ca\">\n\t\n\t\t<div class=\"blog-post-thumb\">\n\t\t<a href=\"https:\/\/adhernandez.com\/ca\/2026\/04\/10\/qui-decideix-els-colors-dels-tendals-i-dels-balcons-en-una-comunitat-de-veins\/\" class=\"hover-effect\">\n\t\t\t<img fetchpriority=\"high\" decoding=\"async\" width=\"592\" height=\"444\" src=\"https:\/\/adhernandez.com\/wp-content\/uploads\/2026\/04\/toldos-del-mismo-color-comunidad-592x444.jpg\" class=\"img-fluid wp-post-image\" alt=\"\" srcset=\"https:\/\/adhernandez.com\/wp-content\/uploads\/2026\/04\/toldos-del-mismo-color-comunidad-592x444.jpg 592w, https:\/\/adhernandez.com\/wp-content\/uploads\/2026\/04\/toldos-del-mismo-color-comunidad-584x438.jpg 584w, https:\/\/adhernandez.com\/wp-content\/uploads\/2026\/04\/toldos-del-mismo-color-comunidad-120x90.jpg 120w\" sizes=\"(max-width: 592px) 100vw, 592px\" \/>\t\t<\/a>\n\t<\/div><!-- blog-post-thumb -->\n\t\n\t<div class=\"blog-post-content-wrap\">\n\t\t<div class=\"blog-post-meta\">\n\t\t\t<ul class=\"list-inline\">\n\t\t\t\t\t\t\t\t<li class=\"list-inline-item\">\n\t\t\t\t\t<time datetime=\"10 d'abril de 2026\"><i class=\"houzez-icon icon-calendar-3 mr-1\"><\/i> 10 d'abril de 2026<\/time>\n\t\t\t\t<\/li>\n\t\t\t\t\n\t\t\t\t\t\t\t\t<li class=\"list-inline-item\">\n\t\t\t\t\t<i class=\"houzez-icon icon-tags mr-1\"><\/i> <a href=\"https:\/\/adhernandez.com\/ca\/category\/blog-ca\/\" rel=\"category tag\">blog<\/a>\t\t\t\t<\/li>\n\t\t\t\t\n\t\t\t<\/ul>\n\t\t<\/div><!-- blog-post-meta -->\n\t\t<div class=\"blog-post-title\">\n\t\t\t<h3><a href=\"https:\/\/adhernandez.com\/ca\/2026\/04\/10\/qui-decideix-els-colors-dels-tendals-i-dels-balcons-en-una-comunitat-de-veins\/\">Qui decideix els colors dels tendals i dels balcons en una comunitat de ve\u00efns?<\/a><\/h3>\n\t\t<\/div><!-- blog-post-title -->\n\t\t<div class=\"blog-post-body\">\n\t\t\tEn moltes comunitats de ve\u00efns sorgeix el mateix dubte: pot cada propietari triar el color del seu...\t\t<\/div><!-- blog-post-body -->\n\t\t<div class=\"blog-post-link\">\n\t\t\t<a href=\"https:\/\/adhernandez.com\/ca\/2026\/04\/10\/qui-decideix-els-colors-dels-tendals-i-dels-balcons-en-una-comunitat-de-veins\/\"><\/a>\n\t\t<\/div><!-- blog-post-link -->\n\t<\/div><!-- blog-post-content-wrap -->\n\t\t<div class=\"blog-post-author\">\n\t\t<i class=\"houzez-icon icon-single-neutral mr-1\"><\/i>  AdHern\u00e1ndez\t<\/div>\n\t<\/div><!-- blog-post-item -->                    <\/div>\n                                    <div class=\"col-lg-4 col-md-6\">\n                        <div id=\"post-32841\" class=\"blog-post-item blog-post-item-v1 post-32841 post type-post status-publish format-standard has-post-thumbnail hentry category-blog-ca\">\n\t\n\t\t<div class=\"blog-post-thumb\">\n\t\t<a href=\"https:\/\/adhernandez.com\/ca\/2026\/03\/30\/noves-mesures-en-materia-darrendaments-dhabitatge-reial-decret-llei-8-2026\/\" class=\"hover-effect\">\n\t\t\t<img decoding=\"async\" width=\"592\" height=\"444\" src=\"https:\/\/adhernandez.com\/wp-content\/uploads\/2026\/03\/nueva-normativa-alquiler-592x444.jpg\" class=\"img-fluid wp-post-image\" alt=\"\" srcset=\"https:\/\/adhernandez.com\/wp-content\/uploads\/2026\/03\/nueva-normativa-alquiler-592x444.jpg 592w, https:\/\/adhernandez.com\/wp-content\/uploads\/2026\/03\/nueva-normativa-alquiler-584x438.jpg 584w, https:\/\/adhernandez.com\/wp-content\/uploads\/2026\/03\/nueva-normativa-alquiler-120x90.jpg 120w\" sizes=\"(max-width: 592px) 100vw, 592px\" \/>\t\t<\/a>\n\t<\/div><!-- blog-post-thumb -->\n\t\n\t<div class=\"blog-post-content-wrap\">\n\t\t<div class=\"blog-post-meta\">\n\t\t\t<ul class=\"list-inline\">\n\t\t\t\t\t\t\t\t<li class=\"list-inline-item\">\n\t\t\t\t\t<time datetime=\"30 de mar\u00e7 de 2026\"><i class=\"houzez-icon icon-calendar-3 mr-1\"><\/i> 30 de mar\u00e7 de 2026<\/time>\n\t\t\t\t<\/li>\n\t\t\t\t\n\t\t\t\t\t\t\t\t<li class=\"list-inline-item\">\n\t\t\t\t\t<i class=\"houzez-icon icon-tags mr-1\"><\/i> <a href=\"https:\/\/adhernandez.com\/ca\/category\/blog-ca\/\" rel=\"category tag\">blog<\/a>\t\t\t\t<\/li>\n\t\t\t\t\n\t\t\t<\/ul>\n\t\t<\/div><!-- blog-post-meta -->\n\t\t<div class=\"blog-post-title\">\n\t\t\t<h3><a href=\"https:\/\/adhernandez.com\/ca\/2026\/03\/30\/noves-mesures-en-materia-darrendaments-dhabitatge-reial-decret-llei-8-2026\/\">Noves mesures en mat\u00e8ria d&#8217;arrendaments d&#8217;habitatge: Reial decret llei 8\/2026<\/a><\/h3>\n\t\t<\/div><!-- blog-post-title -->\n\t\t<div class=\"blog-post-body\">\n\t\t\tMesures del Reial decret llei 8\/2026: pr\u00f2rroga extraordin\u00e0ria i limitaci\u00f3 del 2\u202f% en l'actualitzaci\u00f3 de rendes d'habitatge\t\t<\/div><!-- blog-post-body -->\n\t\t<div class=\"blog-post-link\">\n\t\t\t<a href=\"https:\/\/adhernandez.com\/ca\/2026\/03\/30\/noves-mesures-en-materia-darrendaments-dhabitatge-reial-decret-llei-8-2026\/\"><\/a>\n\t\t<\/div><!-- blog-post-link -->\n\t<\/div><!-- blog-post-content-wrap -->\n\t\t<div class=\"blog-post-author\">\n\t\t<i class=\"houzez-icon icon-single-neutral mr-1\"><\/i>  AdHern\u00e1ndez\t<\/div>\n\t<\/div><!-- blog-post-item -->                    <\/div>\n                                    <div class=\"col-lg-4 col-md-6\">\n                        <div id=\"post-32838\" class=\"blog-post-item blog-post-item-v1 post-32838 post type-post status-publish format-standard has-post-thumbnail hentry category-blog-ca\">\n\t\n\t\t<div class=\"blog-post-thumb\">\n\t\t<a href=\"https:\/\/adhernandez.com\/ca\/2026\/03\/08\/puc-aparcar-el-cotxe-i-la-moto-en-la-mateixa-placa-de-garatge\/\" class=\"hover-effect\">\n\t\t\t<img decoding=\"async\" width=\"592\" height=\"444\" src=\"https:\/\/adhernandez.com\/wp-content\/uploads\/2026\/04\/plaza-de-moto-y-coche-592x444.jpg\" class=\"img-fluid wp-post-image\" alt=\"\" srcset=\"https:\/\/adhernandez.com\/wp-content\/uploads\/2026\/04\/plaza-de-moto-y-coche-592x444.jpg 592w, https:\/\/adhernandez.com\/wp-content\/uploads\/2026\/04\/plaza-de-moto-y-coche-584x438.jpg 584w, https:\/\/adhernandez.com\/wp-content\/uploads\/2026\/04\/plaza-de-moto-y-coche-120x90.jpg 120w\" sizes=\"(max-width: 592px) 100vw, 592px\" \/>\t\t<\/a>\n\t<\/div><!-- blog-post-thumb -->\n\t\n\t<div class=\"blog-post-content-wrap\">\n\t\t<div class=\"blog-post-meta\">\n\t\t\t<ul class=\"list-inline\">\n\t\t\t\t\t\t\t\t<li class=\"list-inline-item\">\n\t\t\t\t\t<time datetime=\"8 de mar\u00e7 de 2026\"><i class=\"houzez-icon icon-calendar-3 mr-1\"><\/i> 8 de mar\u00e7 de 2026<\/time>\n\t\t\t\t<\/li>\n\t\t\t\t\n\t\t\t\t\t\t\t\t<li class=\"list-inline-item\">\n\t\t\t\t\t<i class=\"houzez-icon icon-tags mr-1\"><\/i> <a href=\"https:\/\/adhernandez.com\/ca\/category\/blog-ca\/\" rel=\"category tag\">blog<\/a>\t\t\t\t<\/li>\n\t\t\t\t\n\t\t\t<\/ul>\n\t\t<\/div><!-- blog-post-meta -->\n\t\t<div class=\"blog-post-title\">\n\t\t\t<h3><a href=\"https:\/\/adhernandez.com\/ca\/2026\/03\/08\/puc-aparcar-el-cotxe-i-la-moto-en-la-mateixa-placa-de-garatge\/\">Puc aparcar el cotxe i la moto en la mateixa pla\u00e7a de garatge?<\/a><\/h3>\n\t\t<\/div><!-- blog-post-title -->\n\t\t<div class=\"blog-post-body\">\n\t\t\t\r\nEs pot aparcar cotxe i moto en la mateixa pla\u00e7a de garatge? Repassem la regulaci\u00f3 legal, estatuts de comunitat i l\u00edmits de seguretat.\t\t<\/div><!-- blog-post-body -->\n\t\t<div class=\"blog-post-link\">\n\t\t\t<a href=\"https:\/\/adhernandez.com\/ca\/2026\/03\/08\/puc-aparcar-el-cotxe-i-la-moto-en-la-mateixa-placa-de-garatge\/\"><\/a>\n\t\t<\/div><!-- blog-post-link -->\n\t<\/div><!-- blog-post-content-wrap -->\n\t\t<div class=\"blog-post-author\">\n\t\t<i class=\"houzez-icon icon-single-neutral mr-1\"><\/i>  AdHern\u00e1ndez\t<\/div>\n\t<\/div><!-- blog-post-item -->                    <\/div>\n                                    <div class=\"col-lg-4 col-md-6\">\n                        <div id=\"post-32834\" class=\"blog-post-item blog-post-item-v1 post-32834 post type-post status-publish format-standard has-post-thumbnail hentry category-blog-ca category-compra\">\n\t\n\t\t<div class=\"blog-post-thumb\">\n\t\t<a href=\"https:\/\/adhernandez.com\/ca\/2026\/02\/23\/tot-sobre-el-certificat-energetic\/\" class=\"hover-effect\">\n\t\t\t<img loading=\"lazy\" decoding=\"async\" width=\"592\" height=\"444\" src=\"https:\/\/adhernandez.com\/wp-content\/uploads\/2026\/02\/eficiencia-energetica-casa-592x444.jpg\" class=\"img-fluid wp-post-image\" alt=\"\" srcset=\"https:\/\/adhernandez.com\/wp-content\/uploads\/2026\/02\/eficiencia-energetica-casa-592x444.jpg 592w, https:\/\/adhernandez.com\/wp-content\/uploads\/2026\/02\/eficiencia-energetica-casa-584x438.jpg 584w, https:\/\/adhernandez.com\/wp-content\/uploads\/2026\/02\/eficiencia-energetica-casa-120x90.jpg 120w\" sizes=\"(max-width: 592px) 100vw, 592px\" \/>\t\t<\/a>\n\t<\/div><!-- blog-post-thumb -->\n\t\n\t<div class=\"blog-post-content-wrap\">\n\t\t<div class=\"blog-post-meta\">\n\t\t\t<ul class=\"list-inline\">\n\t\t\t\t\t\t\t\t<li class=\"list-inline-item\">\n\t\t\t\t\t<time datetime=\"23 de febrer de 2026\"><i class=\"houzez-icon icon-calendar-3 mr-1\"><\/i> 23 de febrer de 2026<\/time>\n\t\t\t\t<\/li>\n\t\t\t\t\n\t\t\t\t\t\t\t\t<li class=\"list-inline-item\">\n\t\t\t\t\t<i class=\"houzez-icon icon-tags mr-1\"><\/i> <a href=\"https:\/\/adhernandez.com\/ca\/category\/blog-ca\/\" rel=\"category tag\">blog<\/a>, <a href=\"https:\/\/adhernandez.com\/ca\/category\/compra\/\" rel=\"category tag\">Compra<\/a>\t\t\t\t<\/li>\n\t\t\t\t\n\t\t\t<\/ul>\n\t\t<\/div><!-- blog-post-meta -->\n\t\t<div class=\"blog-post-title\">\n\t\t\t<h3><a href=\"https:\/\/adhernandez.com\/ca\/2026\/02\/23\/tot-sobre-el-certificat-energetic\/\">Tot sobre el certificat energ\u00e8tic<\/a><\/h3>\n\t\t<\/div><!-- blog-post-title -->\n\t\t<div class=\"blog-post-body\">\n\t\t\t\r\nQu\u00e8 \u00e9s el certificat energ\u00e8tic? Coneix la seva base legal, indicadors de consum, validesa i com influeix en el valor real d'un habitatge.\t\t<\/div><!-- blog-post-body -->\n\t\t<div class=\"blog-post-link\">\n\t\t\t<a href=\"https:\/\/adhernandez.com\/ca\/2026\/02\/23\/tot-sobre-el-certificat-energetic\/\"><\/a>\n\t\t<\/div><!-- blog-post-link -->\n\t<\/div><!-- blog-post-content-wrap -->\n\t\t<div class=\"blog-post-author\">\n\t\t<i class=\"houzez-icon icon-single-neutral mr-1\"><\/i>  AdHern\u00e1ndez\t<\/div>\n\t<\/div><!-- blog-post-item -->                    <\/div>\n                                    <div class=\"col-lg-4 col-md-6\">\n                        <div id=\"post-32830\" class=\"blog-post-item blog-post-item-v1 post-32830 post type-post status-publish format-standard has-post-thumbnail hentry category-alquiler category-blog-ca category-propiedad-horizontal-ca\">\n\t\n\t\t<div class=\"blog-post-thumb\">\n\t\t<a href=\"https:\/\/adhernandez.com\/ca\/2026\/02\/11\/es-possible-extingir-un-contracte-de-lloguer-de-renda-antiga\/\" class=\"hover-effect\">\n\t\t\t<img loading=\"lazy\" decoding=\"async\" width=\"592\" height=\"444\" src=\"https:\/\/adhernandez.com\/wp-content\/uploads\/2026\/02\/alquiler-de-renta-antigua-592x444.jpg\" class=\"img-fluid wp-post-image\" alt=\"\" srcset=\"https:\/\/adhernandez.com\/wp-content\/uploads\/2026\/02\/alquiler-de-renta-antigua-592x444.jpg 592w, https:\/\/adhernandez.com\/wp-content\/uploads\/2026\/02\/alquiler-de-renta-antigua-584x438.jpg 584w, https:\/\/adhernandez.com\/wp-content\/uploads\/2026\/02\/alquiler-de-renta-antigua-120x90.jpg 120w\" sizes=\"(max-width: 592px) 100vw, 592px\" \/>\t\t<\/a>\n\t<\/div><!-- blog-post-thumb -->\n\t\n\t<div class=\"blog-post-content-wrap\">\n\t\t<div class=\"blog-post-meta\">\n\t\t\t<ul class=\"list-inline\">\n\t\t\t\t\t\t\t\t<li class=\"list-inline-item\">\n\t\t\t\t\t<time datetime=\"11 de febrer de 2026\"><i class=\"houzez-icon icon-calendar-3 mr-1\"><\/i> 11 de febrer de 2026<\/time>\n\t\t\t\t<\/li>\n\t\t\t\t\n\t\t\t\t\t\t\t\t<li class=\"list-inline-item\">\n\t\t\t\t\t<i class=\"houzez-icon icon-tags mr-1\"><\/i> <a href=\"https:\/\/adhernandez.com\/ca\/category\/alquiler\/\" rel=\"category tag\">Alquiler<\/a>, <a href=\"https:\/\/adhernandez.com\/ca\/category\/blog-ca\/\" rel=\"category tag\">blog<\/a>, <a href=\"https:\/\/adhernandez.com\/ca\/category\/propiedad-horizontal-ca\/\" rel=\"category tag\">Propiedad Horizontal<\/a>\t\t\t\t<\/li>\n\t\t\t\t\n\t\t\t<\/ul>\n\t\t<\/div><!-- blog-post-meta -->\n\t\t<div class=\"blog-post-title\">\n\t\t\t<h3><a href=\"https:\/\/adhernandez.com\/ca\/2026\/02\/11\/es-possible-extingir-un-contracte-de-lloguer-de-renda-antiga\/\">\u00c9s possible extingir un contracte de lloguer de renda antiga?<\/a><\/h3>\n\t\t<\/div><!-- blog-post-title -->\n\t\t<div class=\"blog-post-body\">\n\t\t\t\u00c9s possible extingir un lloguer de renda antiga? An\u00e0lisi legal sobre pr\u00f2rroga for\u00e7osa, subrogaci\u00f3, causes de resoluci\u00f3 i normativa.\t\t<\/div><!-- blog-post-body -->\n\t\t<div class=\"blog-post-link\">\n\t\t\t<a href=\"https:\/\/adhernandez.com\/ca\/2026\/02\/11\/es-possible-extingir-un-contracte-de-lloguer-de-renda-antiga\/\"><\/a>\n\t\t<\/div><!-- blog-post-link -->\n\t<\/div><!-- blog-post-content-wrap -->\n\t\t<div class=\"blog-post-author\">\n\t\t<i class=\"houzez-icon icon-single-neutral mr-1\"><\/i>  AdHern\u00e1ndez\t<\/div>\n\t<\/div><!-- blog-post-item -->                    <\/div>\n                                    <div class=\"col-lg-4 col-md-6\">\n                        <div id=\"post-32569\" class=\"blog-post-item blog-post-item-v1 post-32569 post type-post status-publish format-standard has-post-thumbnail hentry category-propiedad-horizontal-ca\">\n\t\n\t\t<div class=\"blog-post-thumb\">\n\t\t<a href=\"https:\/\/adhernandez.com\/ca\/2026\/01\/21\/com-selegeix-al-president-de-la-comunitat-de-veins-segons-la-normativa-vigent\/\" class=\"hover-effect\">\n\t\t\t<img loading=\"lazy\" decoding=\"async\" width=\"592\" height=\"444\" src=\"https:\/\/adhernandez.com\/wp-content\/uploads\/2026\/01\/elegir-presidente-comunidad--592x444.jpg\" class=\"img-fluid wp-post-image\" alt=\"\" srcset=\"https:\/\/adhernandez.com\/wp-content\/uploads\/2026\/01\/elegir-presidente-comunidad--592x444.jpg 592w, https:\/\/adhernandez.com\/wp-content\/uploads\/2026\/01\/elegir-presidente-comunidad--584x438.jpg 584w, https:\/\/adhernandez.com\/wp-content\/uploads\/2026\/01\/elegir-presidente-comunidad--120x90.jpg 120w\" sizes=\"(max-width: 592px) 100vw, 592px\" \/>\t\t<\/a>\n\t<\/div><!-- blog-post-thumb -->\n\t\n\t<div class=\"blog-post-content-wrap\">\n\t\t<div class=\"blog-post-meta\">\n\t\t\t<ul class=\"list-inline\">\n\t\t\t\t\t\t\t\t<li class=\"list-inline-item\">\n\t\t\t\t\t<time datetime=\"21 de gener de 2026\"><i class=\"houzez-icon icon-calendar-3 mr-1\"><\/i> 21 de gener de 2026<\/time>\n\t\t\t\t<\/li>\n\t\t\t\t\n\t\t\t\t\t\t\t\t<li class=\"list-inline-item\">\n\t\t\t\t\t<i class=\"houzez-icon icon-tags mr-1\"><\/i> <a href=\"https:\/\/adhernandez.com\/ca\/category\/propiedad-horizontal-ca\/\" rel=\"category tag\">Propiedad Horizontal<\/a>\t\t\t\t<\/li>\n\t\t\t\t\n\t\t\t<\/ul>\n\t\t<\/div><!-- blog-post-meta -->\n\t\t<div class=\"blog-post-title\">\n\t\t\t<h3><a href=\"https:\/\/adhernandez.com\/ca\/2026\/01\/21\/com-selegeix-al-president-de-la-comunitat-de-veins-segons-la-normativa-vigent\/\">Com s&#8217;elegeix al president de la comunitat de ve\u00efns segons la normativa vigent?<\/a><\/h3>\n\t\t<\/div><!-- blog-post-title -->\n\t\t<div class=\"blog-post-body\">\n\t\t\tLa figura del president en una comunitat de propietaris no \u00e9s nom\u00e9s representativa, sin\u00f3 que...\t\t<\/div><!-- blog-post-body -->\n\t\t<div class=\"blog-post-link\">\n\t\t\t<a href=\"https:\/\/adhernandez.com\/ca\/2026\/01\/21\/com-selegeix-al-president-de-la-comunitat-de-veins-segons-la-normativa-vigent\/\"><\/a>\n\t\t<\/div><!-- blog-post-link -->\n\t<\/div><!-- blog-post-content-wrap -->\n\t\t<div class=\"blog-post-author\">\n\t\t<i class=\"houzez-icon icon-single-neutral mr-1\"><\/i>  AdHern\u00e1ndez\t<\/div>\n\t<\/div><!-- blog-post-item -->                    <\/div>\n                                    <div class=\"col-lg-4 col-md-6\">\n                        <div id=\"post-32565\" class=\"blog-post-item blog-post-item-v1 post-32565 post type-post status-publish format-standard has-post-thumbnail hentry category-propiedad-horizontal-ca\">\n\t\n\t\t<div class=\"blog-post-thumb\">\n\t\t<a href=\"https:\/\/adhernandez.com\/ca\/2026\/01\/13\/qui-paga-les-vesses-en-comprar-un-pis-guia-per-a-evitar-sorpreses-en-la-compravenda\/\" class=\"hover-effect\">\n\t\t\t<img loading=\"lazy\" decoding=\"async\" width=\"592\" height=\"444\" src=\"https:\/\/adhernandez.com\/wp-content\/uploads\/2026\/01\/derramas-en-comunidad-de-vecinos-592x444.jpg\" class=\"img-fluid wp-post-image\" alt=\"\" srcset=\"https:\/\/adhernandez.com\/wp-content\/uploads\/2026\/01\/derramas-en-comunidad-de-vecinos-592x444.jpg 592w, https:\/\/adhernandez.com\/wp-content\/uploads\/2026\/01\/derramas-en-comunidad-de-vecinos-584x438.jpg 584w, https:\/\/adhernandez.com\/wp-content\/uploads\/2026\/01\/derramas-en-comunidad-de-vecinos-120x90.jpg 120w\" sizes=\"(max-width: 592px) 100vw, 592px\" \/>\t\t<\/a>\n\t<\/div><!-- blog-post-thumb -->\n\t\n\t<div class=\"blog-post-content-wrap\">\n\t\t<div class=\"blog-post-meta\">\n\t\t\t<ul class=\"list-inline\">\n\t\t\t\t\t\t\t\t<li class=\"list-inline-item\">\n\t\t\t\t\t<time datetime=\"13 de gener de 2026\"><i class=\"houzez-icon icon-calendar-3 mr-1\"><\/i> 13 de gener de 2026<\/time>\n\t\t\t\t<\/li>\n\t\t\t\t\n\t\t\t\t\t\t\t\t<li class=\"list-inline-item\">\n\t\t\t\t\t<i class=\"houzez-icon icon-tags mr-1\"><\/i> <a href=\"https:\/\/adhernandez.com\/ca\/category\/propiedad-horizontal-ca\/\" rel=\"category tag\">Propiedad Horizontal<\/a>\t\t\t\t<\/li>\n\t\t\t\t\n\t\t\t<\/ul>\n\t\t<\/div><!-- blog-post-meta -->\n\t\t<div class=\"blog-post-title\">\n\t\t\t<h3><a href=\"https:\/\/adhernandez.com\/ca\/2026\/01\/13\/qui-paga-les-vesses-en-comprar-un-pis-guia-per-a-evitar-sorpreses-en-la-compravenda\/\">Qui paga les vesses en comprar un pis? Guia per a evitar sorpreses en la compravenda<\/a><\/h3>\n\t\t<\/div><!-- blog-post-title -->\n\t\t<div class=\"blog-post-body\">\n\t\t\tDescobreix qui ha de pagar les vesses en comprar un pis i evita imprevistos en la compravenda. T'expliquem les obligacions del comprador i del venedor pas a pas.\t\t<\/div><!-- blog-post-body -->\n\t\t<div class=\"blog-post-link\">\n\t\t\t<a href=\"https:\/\/adhernandez.com\/ca\/2026\/01\/13\/qui-paga-les-vesses-en-comprar-un-pis-guia-per-a-evitar-sorpreses-en-la-compravenda\/\"><\/a>\n\t\t<\/div><!-- blog-post-link -->\n\t<\/div><!-- blog-post-content-wrap -->\n\t\t<div class=\"blog-post-author\">\n\t\t<i class=\"houzez-icon icon-single-neutral mr-1\"><\/i>  AdHern\u00e1ndez\t<\/div>\n\t<\/div><!-- blog-post-item -->                    <\/div>\n                                    <div class=\"col-lg-4 col-md-6\">\n                        <div id=\"post-32498\" class=\"blog-post-item blog-post-item-v1 post-32498 post type-post status-publish format-standard has-post-thumbnail hentry category-propiedad-horizontal-ca\">\n\t\n\t\t<div class=\"blog-post-thumb\">\n\t\t<a href=\"https:\/\/adhernandez.com\/ca\/2025\/12\/22\/es-possible-privar-de-lascensor-a-un-propietari-moros\/\" class=\"hover-effect\">\n\t\t\t<img loading=\"lazy\" decoding=\"async\" width=\"592\" height=\"444\" src=\"https:\/\/adhernandez.com\/wp-content\/uploads\/2026\/01\/limitar-uso-ascensor-592x444.jpg\" class=\"img-fluid wp-post-image\" alt=\"\" srcset=\"https:\/\/adhernandez.com\/wp-content\/uploads\/2026\/01\/limitar-uso-ascensor-592x444.jpg 592w, https:\/\/adhernandez.com\/wp-content\/uploads\/2026\/01\/limitar-uso-ascensor-584x438.jpg 584w, https:\/\/adhernandez.com\/wp-content\/uploads\/2026\/01\/limitar-uso-ascensor-120x90.jpg 120w\" sizes=\"(max-width: 592px) 100vw, 592px\" \/>\t\t<\/a>\n\t<\/div><!-- blog-post-thumb -->\n\t\n\t<div class=\"blog-post-content-wrap\">\n\t\t<div class=\"blog-post-meta\">\n\t\t\t<ul class=\"list-inline\">\n\t\t\t\t\t\t\t\t<li class=\"list-inline-item\">\n\t\t\t\t\t<time datetime=\"22 de desembre de 2025\"><i class=\"houzez-icon icon-calendar-3 mr-1\"><\/i> 22 de desembre de 2025<\/time>\n\t\t\t\t<\/li>\n\t\t\t\t\n\t\t\t\t\t\t\t\t<li class=\"list-inline-item\">\n\t\t\t\t\t<i class=\"houzez-icon icon-tags mr-1\"><\/i> <a href=\"https:\/\/adhernandez.com\/ca\/category\/propiedad-horizontal-ca\/\" rel=\"category tag\">Propiedad Horizontal<\/a>\t\t\t\t<\/li>\n\t\t\t\t\n\t\t\t<\/ul>\n\t\t<\/div><!-- blog-post-meta -->\n\t\t<div class=\"blog-post-title\">\n\t\t\t<h3><a href=\"https:\/\/adhernandez.com\/ca\/2025\/12\/22\/es-possible-privar-de-lascensor-a-un-propietari-moros\/\">\u00c9s possible privar de l&#8217;ascensor a un propietari mor\u00f3s?<\/a><\/h3>\n\t\t<\/div><!-- blog-post-title -->\n\t\t<div class=\"blog-post-body\">\n\t\t\tUna dels dubtes m\u00e9s recurrents que sorgeixen en les reunions de propietaris, especialment quan la...\t\t<\/div><!-- blog-post-body -->\n\t\t<div class=\"blog-post-link\">\n\t\t\t<a href=\"https:\/\/adhernandez.com\/ca\/2025\/12\/22\/es-possible-privar-de-lascensor-a-un-propietari-moros\/\"><\/a>\n\t\t<\/div><!-- blog-post-link -->\n\t<\/div><!-- blog-post-content-wrap -->\n\t\t<div class=\"blog-post-author\">\n\t\t<i class=\"houzez-icon icon-single-neutral mr-1\"><\/i>  AdHern\u00e1ndez\t<\/div>\n\t<\/div><!-- blog-post-item -->                    <\/div>\n                                    <div class=\"col-lg-4 col-md-6\">\n                        <div id=\"post-32482\" class=\"blog-post-item blog-post-item-v1 post-32482 post type-post status-publish format-standard has-post-thumbnail hentry category-propiedad-horizontal-ca\">\n\t\n\t\t<div class=\"blog-post-thumb\">\n\t\t<a href=\"https:\/\/adhernandez.com\/ca\/2025\/12\/11\/tancament-fiscal-2025-i-planificacio-2026-les-deduccions-clau-per-al-seu-immoble\/\" class=\"hover-effect\">\n\t\t\t<img loading=\"lazy\" decoding=\"async\" width=\"592\" height=\"444\" src=\"https:\/\/adhernandez.com\/wp-content\/uploads\/2025\/11\/cierre-fiscal-2025-592x444.webp\" class=\"img-fluid wp-post-image\" alt=\"\" srcset=\"https:\/\/adhernandez.com\/wp-content\/uploads\/2025\/11\/cierre-fiscal-2025-592x444.webp 592w, https:\/\/adhernandez.com\/wp-content\/uploads\/2025\/11\/cierre-fiscal-2025-584x438.webp 584w, https:\/\/adhernandez.com\/wp-content\/uploads\/2025\/11\/cierre-fiscal-2025-120x90.webp 120w\" sizes=\"(max-width: 592px) 100vw, 592px\" \/>\t\t<\/a>\n\t<\/div><!-- blog-post-thumb -->\n\t\n\t<div class=\"blog-post-content-wrap\">\n\t\t<div class=\"blog-post-meta\">\n\t\t\t<ul class=\"list-inline\">\n\t\t\t\t\t\t\t\t<li class=\"list-inline-item\">\n\t\t\t\t\t<time datetime=\"11 de desembre de 2025\"><i class=\"houzez-icon icon-calendar-3 mr-1\"><\/i> 11 de desembre de 2025<\/time>\n\t\t\t\t<\/li>\n\t\t\t\t\n\t\t\t\t\t\t\t\t<li class=\"list-inline-item\">\n\t\t\t\t\t<i class=\"houzez-icon icon-tags mr-1\"><\/i> <a href=\"https:\/\/adhernandez.com\/ca\/category\/propiedad-horizontal-ca\/\" rel=\"category tag\">Propiedad Horizontal<\/a>\t\t\t\t<\/li>\n\t\t\t\t\n\t\t\t<\/ul>\n\t\t<\/div><!-- blog-post-meta -->\n\t\t<div class=\"blog-post-title\">\n\t\t\t<h3><a href=\"https:\/\/adhernandez.com\/ca\/2025\/12\/11\/tancament-fiscal-2025-i-planificacio-2026-les-deduccions-clau-per-al-seu-immoble\/\">Tancament Fiscal 2025 i Planificaci\u00f3 2026: Les Deduccions Clau per al seu Immoble<\/a><\/h3>\n\t\t<\/div><!-- blog-post-title -->\n\t\t<div class=\"blog-post-body\">\n\t\t\tNormativa clau per al tancament fiscal 2025. Deduccions IRPF, l\u00edmits de la Llei d'Habitatge, Plusv\u00e0lua i requisits d'efici\u00e8ncia energ\u00e8tica per a planificar 2026.\t\t<\/div><!-- blog-post-body -->\n\t\t<div class=\"blog-post-link\">\n\t\t\t<a href=\"https:\/\/adhernandez.com\/ca\/2025\/12\/11\/tancament-fiscal-2025-i-planificacio-2026-les-deduccions-clau-per-al-seu-immoble\/\"><\/a>\n\t\t<\/div><!-- blog-post-link -->\n\t<\/div><!-- blog-post-content-wrap -->\n\t\t<div class=\"blog-post-author\">\n\t\t<i class=\"houzez-icon icon-single-neutral mr-1\"><\/i>  AdHern\u00e1ndez\t<\/div>\n\t<\/div><!-- blog-post-item -->                    <\/div>\n                            <\/div>\n        <\/div>\n\n        \t\t\t\t<\/div>\n\t\t\t\t<\/div>\n\t\t\t\t\t<\/div>\n\t\t<\/div>\n\t\t\t\t\t<\/div>\n\t\t<\/section>\n\t\t\t\t<\/div>\n\t\t","protected":false},"excerpt":{"rendered":"<p>Estem encantats de poder ajudar a resoldre qualsevol dubte. Al m\u00e9s aviat possible atendrem la teva sol\u00b7licitud. Mentre esperes, descobreix les nostres \u00faltimes not\u00edcies: 11 d&#8217;abril de 2022 Sense categoria Tot sobre el contracte d\u2019arres de venda de pisos Descobreix tot el que has de saber sobre el contracte d&#8217;arres per a poder comprar un [&hellip;]<\/p>\n","protected":false},"author":2,"featured_media":0,"parent":0,"menu_order":0,"comment_status":"closed","ping_status":"closed","template":"","meta":{"footnotes":""},"class_list":["post-24375","page","type-page","status-publish","hentry"],"yoast_head":"<!-- This site is optimized with the Yoast SEO plugin v27.4 - https:\/\/yoast.com\/product\/yoast-seo-wordpress\/ -->\n<title>Gr\u00e0cies per contactar - Administraciones Hern\u00e1ndez<\/title>\n<meta name=\"robots\" content=\"index, follow, max-snippet:-1, max-image-preview:large, max-video-preview:-1\" \/>\n<link rel=\"canonical\" href=\"https:\/\/adhernandez.com\/ca\/gracies-per-contactar\/\" \/>\n<meta property=\"og:locale\" content=\"ca_ES\" \/>\n<meta property=\"og:type\" content=\"article\" \/>\n<meta property=\"og:title\" content=\"Gr\u00e0cies per contactar - Administraciones Hern\u00e1ndez\" \/>\n<meta property=\"og:description\" content=\"Estem encantats de poder ajudar a resoldre qualsevol dubte. Al m\u00e9s aviat possible atendrem la teva sol\u00b7licitud. Mentre esperes, descobreix les nostres \u00faltimes not\u00edcies: 11 d&#8217;abril de 2022 Sense categoria Tot sobre el contracte d\u2019arres de venda de pisos Descobreix tot el que has de saber sobre el contracte d&#8217;arres per a poder comprar un [&hellip;]\" \/>\n<meta property=\"og:url\" content=\"https:\/\/adhernandez.com\/ca\/gracies-per-contactar\/\" \/>\n<meta property=\"og:site_name\" content=\"Administraciones Hern\u00e1ndez\" \/>\n<meta property=\"article:modified_time\" content=\"2022-05-09T14:34:26+00:00\" \/>\n<meta property=\"og:image\" content=\"https:\/\/adhernandez.com\/wp-content\/uploads\/2022\/03\/Contrato-de-arras-1-592x444.jpg\" \/>\n<meta name=\"twitter:card\" content=\"summary_large_image\" \/>\n<meta name=\"twitter:label1\" content=\"Temps estimat de lectura\" \/>\n\t<meta name=\"twitter:data1\" content=\"4 minuts\" \/>\n<script type=\"application\/ld+json\" class=\"yoast-schema-graph\">{\"@context\":\"https:\\\/\\\/schema.org\",\"@graph\":[{\"@type\":\"WebPage\",\"@id\":\"https:\\\/\\\/adhernandez.com\\\/ca\\\/gracies-per-contactar\\\/\",\"url\":\"https:\\\/\\\/adhernandez.com\\\/ca\\\/gracies-per-contactar\\\/\",\"name\":\"Gr\u00e0cies per contactar - Administraciones Hern\u00e1ndez\",\"isPartOf\":{\"@id\":\"https:\\\/\\\/adhernandez.com\\\/ca\\\/#website\"},\"primaryImageOfPage\":{\"@id\":\"https:\\\/\\\/adhernandez.com\\\/ca\\\/gracies-per-contactar\\\/#primaryimage\"},\"image\":{\"@id\":\"https:\\\/\\\/adhernandez.com\\\/ca\\\/gracies-per-contactar\\\/#primaryimage\"},\"thumbnailUrl\":\"https:\\\/\\\/adhernandez.com\\\/wp-content\\\/uploads\\\/2022\\\/03\\\/Contrato-de-arras-1-592x444.jpg\",\"datePublished\":\"2022-05-09T14:30:34+00:00\",\"dateModified\":\"2022-05-09T14:34:26+00:00\",\"breadcrumb\":{\"@id\":\"https:\\\/\\\/adhernandez.com\\\/ca\\\/gracies-per-contactar\\\/#breadcrumb\"},\"inLanguage\":\"ca\",\"potentialAction\":[{\"@type\":\"ReadAction\",\"target\":[\"https:\\\/\\\/adhernandez.com\\\/ca\\\/gracies-per-contactar\\\/\"]}]},{\"@type\":\"ImageObject\",\"inLanguage\":\"ca\",\"@id\":\"https:\\\/\\\/adhernandez.com\\\/ca\\\/gracies-per-contactar\\\/#primaryimage\",\"url\":\"https:\\\/\\\/adhernandez.com\\\/wp-content\\\/uploads\\\/2022\\\/03\\\/Contrato-de-arras-1-592x444.jpg\",\"contentUrl\":\"https:\\\/\\\/adhernandez.com\\\/wp-content\\\/uploads\\\/2022\\\/03\\\/Contrato-de-arras-1-592x444.jpg\"},{\"@type\":\"BreadcrumbList\",\"@id\":\"https:\\\/\\\/adhernandez.com\\\/ca\\\/gracies-per-contactar\\\/#breadcrumb\",\"itemListElement\":[{\"@type\":\"ListItem\",\"position\":1,\"name\":\"Portada\",\"item\":\"https:\\\/\\\/adhernandez.com\\\/ca\\\/adhernandez-inicio\\\/\"},{\"@type\":\"ListItem\",\"position\":2,\"name\":\"Gr\u00e0cies per contactar\"}]},{\"@type\":\"WebSite\",\"@id\":\"https:\\\/\\\/adhernandez.com\\\/ca\\\/#website\",\"url\":\"https:\\\/\\\/adhernandez.com\\\/ca\\\/\",\"name\":\"Administraciones Hern\u00e1ndez\",\"description\":\"Equipo de profesionales con amplia experiencia en la gesti\u00f3n del patrimonio inmobiliario\",\"potentialAction\":[{\"@type\":\"SearchAction\",\"target\":{\"@type\":\"EntryPoint\",\"urlTemplate\":\"https:\\\/\\\/adhernandez.com\\\/ca\\\/?s={search_term_string}\"},\"query-input\":{\"@type\":\"PropertyValueSpecification\",\"valueRequired\":true,\"valueName\":\"search_term_string\"}}],\"inLanguage\":\"ca\"}]}<\/script>\n<!-- \/ Yoast SEO plugin. -->","yoast_head_json":{"title":"Gr\u00e0cies per contactar - Administraciones Hern\u00e1ndez","robots":{"index":"index","follow":"follow","max-snippet":"max-snippet:-1","max-image-preview":"max-image-preview:large","max-video-preview":"max-video-preview:-1"},"canonical":"https:\/\/adhernandez.com\/ca\/gracies-per-contactar\/","og_locale":"ca_ES","og_type":"article","og_title":"Gr\u00e0cies per contactar - Administraciones Hern\u00e1ndez","og_description":"Estem encantats de poder ajudar a resoldre qualsevol dubte. Al m\u00e9s aviat possible atendrem la teva sol\u00b7licitud. Mentre esperes, descobreix les nostres \u00faltimes not\u00edcies: 11 d&#8217;abril de 2022 Sense categoria Tot sobre el contracte d\u2019arres de venda de pisos Descobreix tot el que has de saber sobre el contracte d&#8217;arres per a poder comprar un [&hellip;]","og_url":"https:\/\/adhernandez.com\/ca\/gracies-per-contactar\/","og_site_name":"Administraciones Hern\u00e1ndez","article_modified_time":"2022-05-09T14:34:26+00:00","og_image":[{"url":"https:\/\/adhernandez.com\/wp-content\/uploads\/2022\/03\/Contrato-de-arras-1-592x444.jpg","type":"","width":"","height":""}],"twitter_card":"summary_large_image","twitter_misc":{"Temps estimat de lectura":"4 minuts"},"schema":{"@context":"https:\/\/schema.org","@graph":[{"@type":"WebPage","@id":"https:\/\/adhernandez.com\/ca\/gracies-per-contactar\/","url":"https:\/\/adhernandez.com\/ca\/gracies-per-contactar\/","name":"Gr\u00e0cies per contactar - Administraciones Hern\u00e1ndez","isPartOf":{"@id":"https:\/\/adhernandez.com\/ca\/#website"},"primaryImageOfPage":{"@id":"https:\/\/adhernandez.com\/ca\/gracies-per-contactar\/#primaryimage"},"image":{"@id":"https:\/\/adhernandez.com\/ca\/gracies-per-contactar\/#primaryimage"},"thumbnailUrl":"https:\/\/adhernandez.com\/wp-content\/uploads\/2022\/03\/Contrato-de-arras-1-592x444.jpg","datePublished":"2022-05-09T14:30:34+00:00","dateModified":"2022-05-09T14:34:26+00:00","breadcrumb":{"@id":"https:\/\/adhernandez.com\/ca\/gracies-per-contactar\/#breadcrumb"},"inLanguage":"ca","potentialAction":[{"@type":"ReadAction","target":["https:\/\/adhernandez.com\/ca\/gracies-per-contactar\/"]}]},{"@type":"ImageObject","inLanguage":"ca","@id":"https:\/\/adhernandez.com\/ca\/gracies-per-contactar\/#primaryimage","url":"https:\/\/adhernandez.com\/wp-content\/uploads\/2022\/03\/Contrato-de-arras-1-592x444.jpg","contentUrl":"https:\/\/adhernandez.com\/wp-content\/uploads\/2022\/03\/Contrato-de-arras-1-592x444.jpg"},{"@type":"BreadcrumbList","@id":"https:\/\/adhernandez.com\/ca\/gracies-per-contactar\/#breadcrumb","itemListElement":[{"@type":"ListItem","position":1,"name":"Portada","item":"https:\/\/adhernandez.com\/ca\/adhernandez-inicio\/"},{"@type":"ListItem","position":2,"name":"Gr\u00e0cies per contactar"}]},{"@type":"WebSite","@id":"https:\/\/adhernandez.com\/ca\/#website","url":"https:\/\/adhernandez.com\/ca\/","name":"Administraciones Hern\u00e1ndez","description":"Equipo de profesionales con amplia experiencia en la gesti\u00f3n del patrimonio inmobiliario","potentialAction":[{"@type":"SearchAction","target":{"@type":"EntryPoint","urlTemplate":"https:\/\/adhernandez.com\/ca\/?s={search_term_string}"},"query-input":{"@type":"PropertyValueSpecification","valueRequired":true,"valueName":"search_term_string"}}],"inLanguage":"ca"}]}},"_links":{"self":[{"href":"https:\/\/adhernandez.com\/ca\/wp-json\/wp\/v2\/pages\/24375","targetHints":{"allow":["GET"]}}],"collection":[{"href":"https:\/\/adhernandez.com\/ca\/wp-json\/wp\/v2\/pages"}],"about":[{"href":"https:\/\/adhernandez.com\/ca\/wp-json\/wp\/v2\/types\/page"}],"author":[{"embeddable":true,"href":"https:\/\/adhernandez.com\/ca\/wp-json\/wp\/v2\/users\/2"}],"replies":[{"embeddable":true,"href":"https:\/\/adhernandez.com\/ca\/wp-json\/wp\/v2\/comments?post=24375"}],"version-history":[{"count":0,"href":"https:\/\/adhernandez.com\/ca\/wp-json\/wp\/v2\/pages\/24375\/revisions"}],"wp:attachment":[{"href":"https:\/\/adhernandez.com\/ca\/wp-json\/wp\/v2\/media?parent=24375"}],"curies":[{"name":"wp","href":"https:\/\/api.w.org\/{rel}","templated":true}]}}