{"id":18281,"date":"2020-09-23T11:47:27","date_gmt":"2020-09-23T11:47:27","guid":{"rendered":"http:\/\/adhernandez.imas3pro.com\/?page_id=18281"},"modified":"2021-02-09T11:47:34","modified_gmt":"2021-02-09T11:47:34","slug":"politica-de-privacitat","status":"publish","type":"page","link":"https:\/\/adhernandez.com\/ca\/politica-de-privacitat\/","title":{"rendered":"Pol\u00edtica de Privacitat"},"content":{"rendered":"\t\t<div data-elementor-type=\"wp-page\" data-elementor-id=\"18281\" class=\"elementor elementor-18281 elementor-17043\">\n\t\t\t\t\t\t<section class=\"elementor-section elementor-top-section elementor-element elementor-element-bca33e9 elementor-section-boxed elementor-section-height-default elementor-section-height-default\" data-id=\"bca33e9\" data-element_type=\"section\" data-e-type=\"section\">\n\t\t\t\t\t\t<div class=\"elementor-container elementor-column-gap-default\">\n\t\t\t\t\t<div class=\"elementor-column elementor-col-100 elementor-top-column elementor-element elementor-element-7bdf6bc\" data-id=\"7bdf6bc\" data-element_type=\"column\" data-e-type=\"column\">\n\t\t\t<div class=\"elementor-widget-wrap elementor-element-populated\">\n\t\t\t\t\t\t\t<\/div>\n\t\t<\/div>\n\t\t\t\t\t<\/div>\n\t\t<\/section>\n\t\t\t\t<section class=\"elementor-section elementor-top-section elementor-element elementor-element-44be0c2 elementor-section-boxed elementor-section-height-default elementor-section-height-default\" data-id=\"44be0c2\" data-element_type=\"section\" data-e-type=\"section\">\n\t\t\t\t\t\t<div class=\"elementor-container elementor-column-gap-default\">\n\t\t\t\t\t<div class=\"elementor-column elementor-col-100 elementor-top-column elementor-element elementor-element-43a5105\" data-id=\"43a5105\" data-element_type=\"column\" data-e-type=\"column\">\n\t\t\t<div class=\"elementor-widget-wrap elementor-element-populated\">\n\t\t\t\t\t\t<div class=\"elementor-element elementor-element-aaa7cf5 elementor-widget elementor-widget-text-editor\" data-id=\"aaa7cf5\" data-element_type=\"widget\" data-e-type=\"widget\" data-widget_type=\"text-editor.default\">\n\t\t\t\t\t\t\t\t\t<h1>Pol\u00edtica de Privacitat<\/h1><p>&#8212;&#8212;&#8212;-<\/p><p>Per tal d&#8217;aplicar la m\u00e0xima transpar\u00e8ncia en els tractaments de dades que realitza PORTAL 24, ADMINISTRACI\u00d3 DE FINQUES HERN\u00c1NDEZ, SL, d&#8217;ara endavant ADMINISTRACIONS HERNADEZ, en el marc de la gesti\u00f3 i prestaci\u00f3 dels serveis contractats i a trav\u00e9s de https:\/\/adhernandez.com publiquem la seg\u00fcent informaci\u00f3:<\/p><p>ADMINISTRACIONS HERNADEZ, amb domicili comercial al carrer Aribau, 168 6\u00e8 1a, 08036 Barcelona, \u00e9s el responsable del tractament de les dades personals de l&#8217;usuari o interessat, i li informa que aquestes dades seran tractades de conformitat amb el que disposa la normativa vigent en protecci\u00f3 de dades personals, el Reglament (UE) 2016\/679 de 27 d&#8217;abril de 2016 (GDPR) relatiu a la protecci\u00f3 de les persones f\u00edsiques pel que fa al tractament de dades personals i a la lliure circulaci\u00f3 d&#8217;aquestes dades, de manera que li facilita la seg\u00fcent informaci\u00f3 del tractament i a la Llei Org\u00e0nica 3\/2018, de 5 de desembre, de Protecci\u00f3 de Dades Personals i garantia dels drets digitals, de manera que li facilita la seg\u00fcent informaci\u00f3 del tractament:<\/p><p><strong>Finalitat del Tractament<\/strong><\/p><p>Les dades facilitades per l&#8217;usuari o interessat s&#8217;utilitzaran per a realitzar les operacions previstes dins l&#8217;\u00e0mbit legal d&#8217;aplicaci\u00f3 dels serveis prestats per administracions Hern\u00e1ndez, la gesti\u00f3 patrimonial, d&#8217;administraci\u00f3 de finques, gesti\u00f3 de lloguers, de compravenda, gesti\u00f3 de cartera d&#8217;immobles , assessorament jur\u00eddic fiscal i mantenir una relaci\u00f3 comercial amb l&#8217;usuari.<br \/>Aix\u00ed les operacions previstes per realitzar el tractament s\u00f3n:<br \/>\u2022 Gestionar les dades per a complir el mandat de la Comunitat de Propietaris per fer la gesti\u00f3 de l&#8217;administraci\u00f3 de la finca, d&#8217;acord amb la normativa vigent aplicable.<br \/>\u2022 La gesti\u00f3 patrimonial, dels enc\u00e0rrecs de lloguer o compra venda d&#8217;immobles i su administraci\u00f3.<br \/>\u2022 Assessorament jur\u00eddic fiscal relacionat amb els serveis oferts.<br \/>\u2022 Remissi\u00f3 de comunicacions comercials publicit\u00e0ries per e-mail, SMS, MMS, comunidades i Xarxes socials o QUALSEVOL Altre mitj\u00e0 electr\u00f2nic o f\u00edsic, present o futur, que possibiliti realitzar comunicacions comercials. Aquestes comunicacions seran realitzades per ADMINISTRACIONS HERNANDEZ i relacionades sobre a els seus productes i serveis, o dels seus col\u00b7laboradors o proveidors amb els quals AQUEST hagues arribat a algun acord de col\u00b7laboraci\u00f3.<\/p><p><strong>Legitimaci\u00f3 del Tractament<\/strong><\/p><p>ADMINISTRACIONS HERNANDEZ est\u00e0 legitimada pel tractament de les dades dels interessats o usuaris, per la relaci\u00f3 contractual que regula les prestacions de serveis que ofereix i sota consentiment expr\u00e9s d&#8217;aquests de facilitar les seves dades per a les finalitats anteriorment relacionades i a utilitzar a fi de poder fidelitzar la relaci\u00f3 entre els parts.<br \/>En cas que l&#8217;usuari o interessat no faciliti le seves dades o es negui al tractament, no es podr\u00e0 donar resposta o oferir el servei sol\u00b7licitat.<\/p><p><strong>Criteris de conservaci\u00f3 de les dades<\/strong><\/p><p>ADMINISTRACIONS HERNADEZ conservar\u00e0 les seves dades mentre es mantingui la relaci\u00f3 contractual de prestacions de serveis i per aquells i aquelles que la normativa comptable-fiscal aplicable estableixi.<br \/>L&#8217;usuari mantindr\u00e0 les dades actualitzades i es compromet a notificar QUALSEVOL variaci\u00f3 a ADMINISTRACIONS HERNANDEZ.<br \/>Es donara de baixa quan es manifesti de manera expressa que no hi ha inter\u00e8s per mantenir les dades per a complir alguna de les finalitats del TRACTAMENT i quan ja no siguin necessaris per a aquesta finalitat.<br \/>Les dades es suprimiran amb mesures de seguretat adequades per garantir la seudonimitzaci\u00f3 de les dades o la destrucci\u00f3 de les MATEIXES.<\/p><p><strong>Comunicaci\u00f3 de les dades<\/strong><\/p><p>En cap cas les dades facilitades per l&#8217;usuari o interessat seran cedides a tercers sense el seu consentiment excepte els que siguin necessaris transmetre a les administracions tribut\u00e0ries d&#8217;acord amb la normativa fiscal aplicable.<\/p><p>Drets que assisteixen a l&#8217;usuari<br \/>En qualsevol moment l&#8217;usuari pot exercir els seus drets:<br \/>\u2022 Dret d&#8217;acc\u00e9s, rectificaci\u00f3, supressi\u00f3 de les seves dades i de la limitaci\u00f3 o oposici\u00f3 al seu tractament.<br \/>\u2022 Dret a la portabilitat de les seves dades.<br \/>\u2022 Dret a no ser objecte de decisions individualitzades automatitzades, inclosa l&#8217;elaboraci\u00f3 de perfils.<br \/>\u2022 Dret a presentar una reclamaci\u00f3 davant l&#8217;autoritat de control (agpd.es) si considera que el tractament no s&#8217;ajusta a la normativa vigent.<\/p><p>Dades de contacte per exercir els seus drets:<\/p><p>\u2022 Adre\u00e7a postal: ADMINISTRACIONS HERNADEZ, c \/ Aribau, 168 6\u00e8 1a, 08036 Barcelona<br \/>\u2022 Correu electr\u00f2nic: info@adhernandez.com<br \/>Indicant quin dret es vol exercir i acompanyant la sol\u00b7licitud d&#8217;una c\u00f2pia del document oficial que acrediti la identitat del titular de les dades.<\/p><p><strong>Informaci\u00f3 adicional<\/strong><\/p><p>MESURES DE SEGURETAT. De conformitat amb el que disposa la normativa vigent en protecci\u00f3 de dades personals, ADMINISTRACIONS HERNADEZ est\u00e0 complint amb totes les disposicions de la normatives de l&#8217;RGPD, per al tractament de les dades personals sota la seva responsabilitat, i manifestament amb els principis descrits en l&#8217;article 5 de l&#8217;RGPD, els que s\u00f3n tractats de manera l\u00edcita, lleial i transparent en relaci\u00f3 amb l&#8217;interessat, i adequades, pertinents i limitats al que \u00e9s necessari en relaci\u00f3 amb els fins per als quals s\u00f3n tractats.<br \/>ADMINISTRACIONS HERNADEZ garanteix que ha implementat pol\u00edtiques t\u00e8cniques i organitzatives apropiades per aplicar les mesures de seguretat que estableix la RGPD, per protegir els drets i llibertats dels usuaris i els ha comunicat la informaci\u00f3 adequada perqu\u00e8 puguin exercir-los.<\/p>\t\t\t\t\t\t\t\t<\/div>\n\t\t\t\t\t<\/div>\n\t\t<\/div>\n\t\t\t\t\t<\/div>\n\t\t<\/section>\n\t\t\t\t<\/div>\n\t\t","protected":false},"excerpt":{"rendered":"<p>Pol\u00edtica de Privacitat &#8212;&#8212;&#8212;- Per tal d&#8217;aplicar la m\u00e0xima transpar\u00e8ncia en els tractaments de dades que realitza PORTAL 24, ADMINISTRACI\u00d3 DE FINQUES HERN\u00c1NDEZ, SL, d&#8217;ara endavant ADMINISTRACIONS HERNADEZ, en el marc de la gesti\u00f3 i prestaci\u00f3 dels serveis contractats i a trav\u00e9s de https:\/\/adhernandez.com publiquem la seg\u00fcent informaci\u00f3: ADMINISTRACIONS HERNADEZ, amb domicili comercial al carrer [&hellip;]<\/p>\n","protected":false},"author":2,"featured_media":0,"parent":0,"menu_order":0,"comment_status":"closed","ping_status":"closed","template":"template\/template-homepage.php","meta":{"footnotes":""},"class_list":["post-18281","page","type-page","status-publish","hentry"],"yoast_head":"<!-- This site is optimized with the Yoast SEO plugin v27.4 - https:\/\/yoast.com\/product\/yoast-seo-wordpress\/ -->\n<title>Pol\u00edtica de Privacitat - Administraciones Hern\u00e1ndez<\/title>\n<meta name=\"robots\" content=\"index, follow, max-snippet:-1, max-image-preview:large, max-video-preview:-1\" \/>\n<link rel=\"canonical\" href=\"https:\/\/adhernandez.com\/ca\/politica-de-privacitat\/\" \/>\n<meta property=\"og:locale\" content=\"ca_ES\" \/>\n<meta property=\"og:type\" content=\"article\" \/>\n<meta property=\"og:title\" content=\"Pol\u00edtica de Privacitat - Administraciones Hern\u00e1ndez\" \/>\n<meta property=\"og:description\" content=\"Pol\u00edtica de Privacitat &#8212;&#8212;&#8212;- Per tal d&#8217;aplicar la m\u00e0xima transpar\u00e8ncia en els tractaments de dades que realitza PORTAL 24, ADMINISTRACI\u00d3 DE FINQUES HERN\u00c1NDEZ, SL, d&#8217;ara endavant ADMINISTRACIONS HERNADEZ, en el marc de la gesti\u00f3 i prestaci\u00f3 dels serveis contractats i a trav\u00e9s de https:\/\/adhernandez.com publiquem la seg\u00fcent informaci\u00f3: ADMINISTRACIONS HERNADEZ, amb domicili comercial al carrer [&hellip;]\" \/>\n<meta property=\"og:url\" content=\"https:\/\/adhernandez.com\/ca\/politica-de-privacitat\/\" \/>\n<meta property=\"og:site_name\" content=\"Administraciones Hern\u00e1ndez\" \/>\n<meta property=\"article:modified_time\" content=\"2021-02-09T11:47:34+00:00\" \/>\n<meta name=\"twitter:card\" content=\"summary_large_image\" \/>\n<meta name=\"twitter:label1\" content=\"Temps estimat de lectura\" \/>\n\t<meta name=\"twitter:data1\" content=\"4 minuts\" \/>\n<script type=\"application\/ld+json\" class=\"yoast-schema-graph\">{\"@context\":\"https:\\\/\\\/schema.org\",\"@graph\":[{\"@type\":\"WebPage\",\"@id\":\"https:\\\/\\\/adhernandez.com\\\/ca\\\/politica-de-privacitat\\\/\",\"url\":\"https:\\\/\\\/adhernandez.com\\\/ca\\\/politica-de-privacitat\\\/\",\"name\":\"Pol\u00edtica de Privacitat - Administraciones Hern\u00e1ndez\",\"isPartOf\":{\"@id\":\"https:\\\/\\\/adhernandez.com\\\/ca\\\/#website\"},\"datePublished\":\"2020-09-23T11:47:27+00:00\",\"dateModified\":\"2021-02-09T11:47:34+00:00\",\"breadcrumb\":{\"@id\":\"https:\\\/\\\/adhernandez.com\\\/ca\\\/politica-de-privacitat\\\/#breadcrumb\"},\"inLanguage\":\"ca\",\"potentialAction\":[{\"@type\":\"ReadAction\",\"target\":[\"https:\\\/\\\/adhernandez.com\\\/ca\\\/politica-de-privacitat\\\/\"]}]},{\"@type\":\"BreadcrumbList\",\"@id\":\"https:\\\/\\\/adhernandez.com\\\/ca\\\/politica-de-privacitat\\\/#breadcrumb\",\"itemListElement\":[{\"@type\":\"ListItem\",\"position\":1,\"name\":\"Portada\",\"item\":\"https:\\\/\\\/adhernandez.com\\\/ca\\\/adhernandez-inicio\\\/\"},{\"@type\":\"ListItem\",\"position\":2,\"name\":\"Pol\u00edtica de Privacitat\"}]},{\"@type\":\"WebSite\",\"@id\":\"https:\\\/\\\/adhernandez.com\\\/ca\\\/#website\",\"url\":\"https:\\\/\\\/adhernandez.com\\\/ca\\\/\",\"name\":\"Administraciones Hern\u00e1ndez\",\"description\":\"Equipo de profesionales con amplia experiencia en la gesti\u00f3n del patrimonio inmobiliario\",\"potentialAction\":[{\"@type\":\"SearchAction\",\"target\":{\"@type\":\"EntryPoint\",\"urlTemplate\":\"https:\\\/\\\/adhernandez.com\\\/ca\\\/?s={search_term_string}\"},\"query-input\":{\"@type\":\"PropertyValueSpecification\",\"valueRequired\":true,\"valueName\":\"search_term_string\"}}],\"inLanguage\":\"ca\"}]}<\/script>\n<!-- \/ Yoast SEO plugin. -->","yoast_head_json":{"title":"Pol\u00edtica de Privacitat - Administraciones Hern\u00e1ndez","robots":{"index":"index","follow":"follow","max-snippet":"max-snippet:-1","max-image-preview":"max-image-preview:large","max-video-preview":"max-video-preview:-1"},"canonical":"https:\/\/adhernandez.com\/ca\/politica-de-privacitat\/","og_locale":"ca_ES","og_type":"article","og_title":"Pol\u00edtica de Privacitat - Administraciones Hern\u00e1ndez","og_description":"Pol\u00edtica de Privacitat &#8212;&#8212;&#8212;- Per tal d&#8217;aplicar la m\u00e0xima transpar\u00e8ncia en els tractaments de dades que realitza PORTAL 24, ADMINISTRACI\u00d3 DE FINQUES HERN\u00c1NDEZ, SL, d&#8217;ara endavant ADMINISTRACIONS HERNADEZ, en el marc de la gesti\u00f3 i prestaci\u00f3 dels serveis contractats i a trav\u00e9s de https:\/\/adhernandez.com publiquem la seg\u00fcent informaci\u00f3: ADMINISTRACIONS HERNADEZ, amb domicili comercial al carrer [&hellip;]","og_url":"https:\/\/adhernandez.com\/ca\/politica-de-privacitat\/","og_site_name":"Administraciones Hern\u00e1ndez","article_modified_time":"2021-02-09T11:47:34+00:00","twitter_card":"summary_large_image","twitter_misc":{"Temps estimat de lectura":"4 minuts"},"schema":{"@context":"https:\/\/schema.org","@graph":[{"@type":"WebPage","@id":"https:\/\/adhernandez.com\/ca\/politica-de-privacitat\/","url":"https:\/\/adhernandez.com\/ca\/politica-de-privacitat\/","name":"Pol\u00edtica de Privacitat - Administraciones Hern\u00e1ndez","isPartOf":{"@id":"https:\/\/adhernandez.com\/ca\/#website"},"datePublished":"2020-09-23T11:47:27+00:00","dateModified":"2021-02-09T11:47:34+00:00","breadcrumb":{"@id":"https:\/\/adhernandez.com\/ca\/politica-de-privacitat\/#breadcrumb"},"inLanguage":"ca","potentialAction":[{"@type":"ReadAction","target":["https:\/\/adhernandez.com\/ca\/politica-de-privacitat\/"]}]},{"@type":"BreadcrumbList","@id":"https:\/\/adhernandez.com\/ca\/politica-de-privacitat\/#breadcrumb","itemListElement":[{"@type":"ListItem","position":1,"name":"Portada","item":"https:\/\/adhernandez.com\/ca\/adhernandez-inicio\/"},{"@type":"ListItem","position":2,"name":"Pol\u00edtica de Privacitat"}]},{"@type":"WebSite","@id":"https:\/\/adhernandez.com\/ca\/#website","url":"https:\/\/adhernandez.com\/ca\/","name":"Administraciones Hern\u00e1ndez","description":"Equipo de profesionales con amplia experiencia en la gesti\u00f3n del patrimonio inmobiliario","potentialAction":[{"@type":"SearchAction","target":{"@type":"EntryPoint","urlTemplate":"https:\/\/adhernandez.com\/ca\/?s={search_term_string}"},"query-input":{"@type":"PropertyValueSpecification","valueRequired":true,"valueName":"search_term_string"}}],"inLanguage":"ca"}]}},"_links":{"self":[{"href":"https:\/\/adhernandez.com\/ca\/wp-json\/wp\/v2\/pages\/18281","targetHints":{"allow":["GET"]}}],"collection":[{"href":"https:\/\/adhernandez.com\/ca\/wp-json\/wp\/v2\/pages"}],"about":[{"href":"https:\/\/adhernandez.com\/ca\/wp-json\/wp\/v2\/types\/page"}],"author":[{"embeddable":true,"href":"https:\/\/adhernandez.com\/ca\/wp-json\/wp\/v2\/users\/2"}],"replies":[{"embeddable":true,"href":"https:\/\/adhernandez.com\/ca\/wp-json\/wp\/v2\/comments?post=18281"}],"version-history":[{"count":0,"href":"https:\/\/adhernandez.com\/ca\/wp-json\/wp\/v2\/pages\/18281\/revisions"}],"wp:attachment":[{"href":"https:\/\/adhernandez.com\/ca\/wp-json\/wp\/v2\/media?parent=18281"}],"curies":[{"name":"wp","href":"https:\/\/api.w.org\/{rel}","templated":true}]}}