{"id":18279,"date":"2020-09-23T11:39:11","date_gmt":"2020-09-23T11:39:11","guid":{"rendered":"http:\/\/adhernandez.imas3pro.com\/?page_id=18279"},"modified":"2021-02-09T10:54:20","modified_gmt":"2021-02-09T10:54:20","slug":"avis-legal","status":"publish","type":"page","link":"https:\/\/adhernandez.com\/ca\/avis-legal\/","title":{"rendered":"Av\u00eds legal"},"content":{"rendered":"\t\t<div data-elementor-type=\"wp-page\" data-elementor-id=\"18279\" class=\"elementor elementor-18279 elementor-17048\">\n\t\t\t\t\t\t<section class=\"elementor-section elementor-top-section elementor-element elementor-element-22415f8 elementor-section-boxed elementor-section-height-default elementor-section-height-default\" data-id=\"22415f8\" data-element_type=\"section\" data-e-type=\"section\">\n\t\t\t\t\t\t<div class=\"elementor-container elementor-column-gap-default\">\n\t\t\t\t\t<div class=\"elementor-column elementor-col-100 elementor-top-column elementor-element elementor-element-d8ee89f\" data-id=\"d8ee89f\" data-element_type=\"column\" data-e-type=\"column\">\n\t\t\t<div class=\"elementor-widget-wrap elementor-element-populated\">\n\t\t\t\t\t\t<div class=\"elementor-element elementor-element-72ca1d1 elementor-widget elementor-widget-text-editor\" data-id=\"72ca1d1\" data-element_type=\"widget\" data-e-type=\"widget\" data-widget_type=\"text-editor.default\">\n\t\t\t\t\t\t\t\t\t<h1><strong>Av\u00eds legal i condicions d&#8217;\u00fas<\/strong><\/h1><p>&#8212;&#8212;&#8212;-<\/p><p>El present av\u00eds legal regula, segons la Llei 34\/2002, de 11 de Juliol, de Serveis de la Societat de la Informaci\u00f3 i de Comer\u00e7 Electr\u00f2nic, i el Reglament General de Protecci\u00f3 de Dades, l&#8217;\u00fas i la utilitzaci\u00f3 de la p\u00e0gina web http: \/\/adhernandez.com\/ (des d&#8217;ara lloc web), de qu\u00e8 \u00e9s titular, Portal 24 Administraci\u00f3 de Finques Hern\u00e1ndez SL, amb CIF B 58611013, amb domicili comercial en carrer Aribau, 168 6\u00e8 1a, 08036 Barcelona, i inscrita en el Registre Mercantil de Barcelona, tom 44320, foli 126, full B-452.689, (des d&#8217;ara Administracions Hern\u00e1ndez)<\/p><p>Aquest lloc web ha estat creat amb la finalitat de donar a con\u00e8ixer la informaci\u00f3 i serveis que ofereix Administracions Hern\u00e1ndez.<\/p><p>L&#8217;adre\u00e7a de correu electr\u00f2nic de contacte amb l&#8217;empresa \u00e9s: <a href=\"mailto:info@adhernandez.com\">info@adhernandez.com<\/a><\/p><p><strong>USUARI I R\u00c8GIM DE RESPONSABILITATS<\/strong><\/p><p>La navegaci\u00f3, acc\u00e9s i \u00fas pel lloc web de ADMINISTRACIONS HERNANDEZ confereix la condici\u00f3 d&#8217;usuari, per la que s&#8217;accepten, des de la navegaci\u00f3 pel lloc web de ADMINISTRACIONS HERNANDEZ, totes les condicions d&#8217;\u00fas aqu\u00ed establertes sense perjudici de l&#8217;aplicaci\u00f3 de la corresponent normativa d&#8217;obligat compliment legal segons el cas.<\/p><p>El lloc web d&#8217; ADMINISTRACIONS HERNANDEZ proporciona gran diversitat d&#8217;informaci\u00f3, serveis i dades. L&#8217;usuari assumeix la seva responsabilitat en l&#8217;\u00fas correcte de la p\u00e0gina web.<\/p><p>Aquesta responsabilitat s&#8217;estendr\u00e0 a:<\/p><p>&#8211; La veracitat i licitud de les informacions aportades per l&#8217;usuari en els formularis de contacte facilitats per ADMINISTRACIONS HERNANDEZ per a la sol\u00b7licitud d&#8217;informaci\u00f3, l&#8217;acc\u00e9s a determinats continguts o serveis oferts pel web.<br \/>&#8211; L&#8217;\u00fas de la informaci\u00f3, serveis i dades ofertes per ADMINISTRACIONS HERNANDEZ contr\u00e0riament a all\u00f2 disposat per les presents condicions, la Llei, la moral, els bons costums o l&#8217;ordre p\u00fablic, o que de qualsevol altre forma pugui suposar lesi\u00f3 dels drets de tercers o del mateix funcionament del lloc web.<\/p><p><strong>POL\u00cdTICA D&#8217;ENLLA\u00c7OS I EXEPCIONS DE RESPONSABILITAT<\/strong><\/p><p>ADMINISTRACIONS HERNANDEZ no es fa responsable del contingut dels llocs web als quals l&#8217;usuari pugui accedir a trav\u00e9s dels enlla\u00e7os establerts en el seu lloc web i declara que en cap cas procedir\u00e0 a examinar o exercitar cap tipus de control sobre el contingut d&#8217;altres llocs de la xarxa. Aix\u00ed mateix, tampoc garantir\u00e0 la disponibilitat t\u00e8cnica, exactitud, veracitat, validesa o legalitat de llocs aliens a la seva propietat als quals es pugui accedir per mitj\u00e0 dels enlla\u00e7os.<\/p><p>ADMINISTRACIONS HERNANDEZ declara haver adoptat totes les mesures necess\u00e0ries per evitar qualsevol dany als usuaris del seu lloc web, que poguessin derivar-se de la navegaci\u00f3 pel seu lloc web. En conseq\u00fc\u00e8ncia, ADMINISTRACIONS HERNANDEZ no es fa responsable, en cap cas, dels eventuals danys que per la navegaci\u00f3 per Internet pogu\u00e9s patir l&#8217;usuari.<\/p><p><strong>MODIFICACIONS<\/strong><\/p><p>ADMINISTRACIONS HERNANDEZ es reserva el dret a realitzar les modificacions que consideri oportunes, sense av\u00eds previ, en el contingut del seu lloc web. Tant pel que fa als continguts de la p\u00e0gina web, com en les condicions d&#8217;\u00fas de la mateixa. Aquestes modificacions podran realitzar-se a trav\u00e9s del seu lloc web per qualsevol forma admissible en dret i seran d&#8217;obligat compliment durant el temps en qu\u00e8 es trobin publicades en la web i fins que no siguin modificades v\u00e0lidament per altres posteriors.<\/p><p><strong>POL\u00cdTICA DE PRIVACITAT I PROTECCI\u00d3 DE DADES<\/strong><\/p><p>De conformitat amb el que estableix el Reglament 2016\/679 de el Parlament Europeu i de Consell de 27 d&#8217;abril de 2016 (RGPD), i la Llei Org\u00e0nica 3\/2018, de 5 de desembre de Protecci\u00f3 de Dades Personals i garantia dels drets digitals , (LOPDGDD), ADMINISTRACIONS HERNANDEZ informa als usuaris del seu lloc web que aplica la pol\u00edtica de privacitat indicada en l&#8217;apartat d&#8217;aquest lloc web, a dades personals recollides mitjan\u00e7ant els formularis a les seves p\u00e0gines. Per <a href=\"\/ca\/politica-de-privacitat\/\">ampliar informaci\u00f3 premi aqu\u00ed.<\/a><\/p><p><strong>PROPIETAT INTEL\u00b7LECTUAL I INDUSTRIAL<\/strong><\/p><p>ADMINISTRACIONS HERNANDEZ, per si mateixa o com a cession\u00e0ria, \u00e9s titular de tots els drets de propietat intel\u00b7lectual i industrial de la seva p\u00e0gina web, aix\u00ed com dels elements continguts en la mateixa (a t\u00edtol enunciatiu: imatges, so, \u00e0udio, v\u00eddeo, programari o textos; marques o logotips, combinacions de colors, estructura i disseny, selecci\u00f3 de materials usats, programes d&#8217;ordinador necessaris per al seu funcionament, acc\u00e9s i \u00fas, etc.).<\/p><p>Seran, per tant, obres protegides com a propietat intel\u00b7lectual per l&#8217;ordenament jur\u00eddic espanyol, ser\u00e0 d&#8217;aplicaci\u00f3 tant la normativa espanyola i comunit\u00e0ria en aquest camp, com els tractats internacionals relatius a la mat\u00e8ria i subscrits per Espanya.<\/p><p><strong>TOTS ELS DRETS RESERVATS<\/strong><\/p><p>En virtut del que disposa la Llei de Propietat Intel\u00b7lectual, queden expressament prohibides la reproducci\u00f3, la distribuci\u00f3 i la comunicaci\u00f3 p\u00fablica, inclosa la seva modalitat de posada a disposici\u00f3, de la totalitat o part dels continguts d&#8217;aquesta p\u00e0gina web, amb fins comercials, en qualsevol suport i per qualsevol mitj\u00e0 t\u00e8cnic, sense l&#8217;autoritzaci\u00f3 de ADMINISTRACIONS HERNANDEZ.<\/p><p>L&#8217;usuari es compromet a respectar els drets de Propietat Intel\u00b7lectual i Industrial titularitat de ADMINISTRACIONS HERNANDEZ. Podr\u00e0 visualitzar els elements del portal i fins i tot imprimir-los, copiar-los i emmagatzemar-los al disc dur del seu ordinador o en qualsevol altre suport f\u00edsic sempre que sigui, \u00fanica i exclusivament, per al seu \u00fas personal i privat. L&#8217;usuari haur\u00e0 d&#8217;abstenir-se de suprimir, alterar, eludir o manipular qualsevol dispositiu de protecci\u00f3 o sistema de seguretat que estigu\u00e9s instal\u00b7lat a les p\u00e0gines d&#8217; ADMINISTRACIONS HERNANDEZ.<\/p><p><strong>ACCIONS LEGALS, LEGISLACI\u00d3 APLICABLE I JURISDICCI\u00d3<\/strong><\/p><p>ADMINISTRACIONS HERNANDEZ es reserva, aix\u00ed mateix, la facultat de presentar les accions civils o penals que consideri oportunes per la utilitzaci\u00f3 indeguda del seu lloc web i continguts, o per l&#8217;incompliment de les presents condicions.<\/p><p>La relaci\u00f3 entre l&#8217;usuari i el prestador es regir\u00e0 per la normativa vigent i d&#8217;aplicaci\u00f3 en el territori espanyol. De sorgir qualsevol controv\u00e8rsia les parts podran sotmetre els seus conflictes a arbitratge o acudir a la jurisdicci\u00f3 ordin\u00e0ria complint amb les normes sobre jurisdicci\u00f3 i compet\u00e8ncia al respecte, als jutjats de Barcelona.\u00a0<\/p>\t\t\t\t\t\t\t\t<\/div>\n\t\t\t\t\t<\/div>\n\t\t<\/div>\n\t\t\t\t\t<\/div>\n\t\t<\/section>\n\t\t\t\t<\/div>\n\t\t","protected":false},"excerpt":{"rendered":"<p>Av\u00eds legal i condicions d&#8217;\u00fas &#8212;&#8212;&#8212;- El present av\u00eds legal regula, segons la Llei 34\/2002, de 11 de Juliol, de Serveis de la Societat de la Informaci\u00f3 i de Comer\u00e7 Electr\u00f2nic, i el Reglament General de Protecci\u00f3 de Dades, l&#8217;\u00fas i la utilitzaci\u00f3 de la p\u00e0gina web http: \/\/adhernandez.com\/ (des d&#8217;ara lloc web), de qu\u00e8 [&hellip;]<\/p>\n","protected":false},"author":2,"featured_media":0,"parent":0,"menu_order":0,"comment_status":"closed","ping_status":"closed","template":"template\/template-homepage.php","meta":{"footnotes":""},"class_list":["post-18279","page","type-page","status-publish","hentry"],"yoast_head":"<!-- This site is optimized with the Yoast SEO plugin v27.4 - https:\/\/yoast.com\/product\/yoast-seo-wordpress\/ -->\n<title>Av\u00eds legal - Administraciones Hern\u00e1ndez<\/title>\n<meta name=\"robots\" content=\"index, follow, max-snippet:-1, max-image-preview:large, max-video-preview:-1\" \/>\n<link rel=\"canonical\" href=\"https:\/\/adhernandez.com\/ca\/avis-legal\/\" \/>\n<meta property=\"og:locale\" content=\"ca_ES\" \/>\n<meta property=\"og:type\" content=\"article\" \/>\n<meta property=\"og:title\" content=\"Av\u00eds legal - Administraciones Hern\u00e1ndez\" \/>\n<meta property=\"og:description\" content=\"Av\u00eds legal i condicions d&#8217;\u00fas &#8212;&#8212;&#8212;- El present av\u00eds legal regula, segons la Llei 34\/2002, de 11 de Juliol, de Serveis de la Societat de la Informaci\u00f3 i de Comer\u00e7 Electr\u00f2nic, i el Reglament General de Protecci\u00f3 de Dades, l&#8217;\u00fas i la utilitzaci\u00f3 de la p\u00e0gina web http: \/\/adhernandez.com\/ (des d&#8217;ara lloc web), de qu\u00e8 [&hellip;]\" \/>\n<meta property=\"og:url\" content=\"https:\/\/adhernandez.com\/ca\/avis-legal\/\" \/>\n<meta property=\"og:site_name\" content=\"Administraciones Hern\u00e1ndez\" \/>\n<meta property=\"article:modified_time\" content=\"2021-02-09T10:54:20+00:00\" \/>\n<meta name=\"twitter:card\" content=\"summary_large_image\" \/>\n<meta name=\"twitter:label1\" content=\"Temps estimat de lectura\" \/>\n\t<meta name=\"twitter:data1\" content=\"5 minuts\" \/>\n<script type=\"application\/ld+json\" class=\"yoast-schema-graph\">{\"@context\":\"https:\\\/\\\/schema.org\",\"@graph\":[{\"@type\":\"WebPage\",\"@id\":\"https:\\\/\\\/adhernandez.com\\\/ca\\\/avis-legal\\\/\",\"url\":\"https:\\\/\\\/adhernandez.com\\\/ca\\\/avis-legal\\\/\",\"name\":\"Av\u00eds legal - Administraciones Hern\u00e1ndez\",\"isPartOf\":{\"@id\":\"https:\\\/\\\/adhernandez.com\\\/ca\\\/#website\"},\"datePublished\":\"2020-09-23T11:39:11+00:00\",\"dateModified\":\"2021-02-09T10:54:20+00:00\",\"breadcrumb\":{\"@id\":\"https:\\\/\\\/adhernandez.com\\\/ca\\\/avis-legal\\\/#breadcrumb\"},\"inLanguage\":\"ca\",\"potentialAction\":[{\"@type\":\"ReadAction\",\"target\":[\"https:\\\/\\\/adhernandez.com\\\/ca\\\/avis-legal\\\/\"]}]},{\"@type\":\"BreadcrumbList\",\"@id\":\"https:\\\/\\\/adhernandez.com\\\/ca\\\/avis-legal\\\/#breadcrumb\",\"itemListElement\":[{\"@type\":\"ListItem\",\"position\":1,\"name\":\"Portada\",\"item\":\"https:\\\/\\\/adhernandez.com\\\/ca\\\/adhernandez-inicio\\\/\"},{\"@type\":\"ListItem\",\"position\":2,\"name\":\"Av\u00eds legal\"}]},{\"@type\":\"WebSite\",\"@id\":\"https:\\\/\\\/adhernandez.com\\\/ca\\\/#website\",\"url\":\"https:\\\/\\\/adhernandez.com\\\/ca\\\/\",\"name\":\"Administraciones Hern\u00e1ndez\",\"description\":\"Equipo de profesionales con amplia experiencia en la gesti\u00f3n del patrimonio inmobiliario\",\"potentialAction\":[{\"@type\":\"SearchAction\",\"target\":{\"@type\":\"EntryPoint\",\"urlTemplate\":\"https:\\\/\\\/adhernandez.com\\\/ca\\\/?s={search_term_string}\"},\"query-input\":{\"@type\":\"PropertyValueSpecification\",\"valueRequired\":true,\"valueName\":\"search_term_string\"}}],\"inLanguage\":\"ca\"}]}<\/script>\n<!-- \/ Yoast SEO plugin. -->","yoast_head_json":{"title":"Av\u00eds legal - Administraciones Hern\u00e1ndez","robots":{"index":"index","follow":"follow","max-snippet":"max-snippet:-1","max-image-preview":"max-image-preview:large","max-video-preview":"max-video-preview:-1"},"canonical":"https:\/\/adhernandez.com\/ca\/avis-legal\/","og_locale":"ca_ES","og_type":"article","og_title":"Av\u00eds legal - Administraciones Hern\u00e1ndez","og_description":"Av\u00eds legal i condicions d&#8217;\u00fas &#8212;&#8212;&#8212;- El present av\u00eds legal regula, segons la Llei 34\/2002, de 11 de Juliol, de Serveis de la Societat de la Informaci\u00f3 i de Comer\u00e7 Electr\u00f2nic, i el Reglament General de Protecci\u00f3 de Dades, l&#8217;\u00fas i la utilitzaci\u00f3 de la p\u00e0gina web http: \/\/adhernandez.com\/ (des d&#8217;ara lloc web), de qu\u00e8 [&hellip;]","og_url":"https:\/\/adhernandez.com\/ca\/avis-legal\/","og_site_name":"Administraciones Hern\u00e1ndez","article_modified_time":"2021-02-09T10:54:20+00:00","twitter_card":"summary_large_image","twitter_misc":{"Temps estimat de lectura":"5 minuts"},"schema":{"@context":"https:\/\/schema.org","@graph":[{"@type":"WebPage","@id":"https:\/\/adhernandez.com\/ca\/avis-legal\/","url":"https:\/\/adhernandez.com\/ca\/avis-legal\/","name":"Av\u00eds legal - Administraciones Hern\u00e1ndez","isPartOf":{"@id":"https:\/\/adhernandez.com\/ca\/#website"},"datePublished":"2020-09-23T11:39:11+00:00","dateModified":"2021-02-09T10:54:20+00:00","breadcrumb":{"@id":"https:\/\/adhernandez.com\/ca\/avis-legal\/#breadcrumb"},"inLanguage":"ca","potentialAction":[{"@type":"ReadAction","target":["https:\/\/adhernandez.com\/ca\/avis-legal\/"]}]},{"@type":"BreadcrumbList","@id":"https:\/\/adhernandez.com\/ca\/avis-legal\/#breadcrumb","itemListElement":[{"@type":"ListItem","position":1,"name":"Portada","item":"https:\/\/adhernandez.com\/ca\/adhernandez-inicio\/"},{"@type":"ListItem","position":2,"name":"Av\u00eds legal"}]},{"@type":"WebSite","@id":"https:\/\/adhernandez.com\/ca\/#website","url":"https:\/\/adhernandez.com\/ca\/","name":"Administraciones Hern\u00e1ndez","description":"Equipo de profesionales con amplia experiencia en la gesti\u00f3n del patrimonio inmobiliario","potentialAction":[{"@type":"SearchAction","target":{"@type":"EntryPoint","urlTemplate":"https:\/\/adhernandez.com\/ca\/?s={search_term_string}"},"query-input":{"@type":"PropertyValueSpecification","valueRequired":true,"valueName":"search_term_string"}}],"inLanguage":"ca"}]}},"_links":{"self":[{"href":"https:\/\/adhernandez.com\/ca\/wp-json\/wp\/v2\/pages\/18279","targetHints":{"allow":["GET"]}}],"collection":[{"href":"https:\/\/adhernandez.com\/ca\/wp-json\/wp\/v2\/pages"}],"about":[{"href":"https:\/\/adhernandez.com\/ca\/wp-json\/wp\/v2\/types\/page"}],"author":[{"embeddable":true,"href":"https:\/\/adhernandez.com\/ca\/wp-json\/wp\/v2\/users\/2"}],"replies":[{"embeddable":true,"href":"https:\/\/adhernandez.com\/ca\/wp-json\/wp\/v2\/comments?post=18279"}],"version-history":[{"count":0,"href":"https:\/\/adhernandez.com\/ca\/wp-json\/wp\/v2\/pages\/18279\/revisions"}],"wp:attachment":[{"href":"https:\/\/adhernandez.com\/ca\/wp-json\/wp\/v2\/media?parent=18279"}],"curies":[{"name":"wp","href":"https:\/\/api.w.org\/{rel}","templated":true}]}}