{"id":17908,"date":"2020-09-22T12:01:10","date_gmt":"2020-09-22T12:01:10","guid":{"rendered":"http:\/\/adhernandez.imas3pro.com\/?page_id=17908"},"modified":"2020-11-24T13:05:49","modified_gmt":"2020-11-24T13:05:49","slug":"blog-ad-hernandez","status":"publish","type":"page","link":"https:\/\/adhernandez.com\/ca\/blog-ad-hernandez\/","title":{"rendered":"Blog Ad. Hern\u00e1ndez"},"content":{"rendered":"\t\t<div data-elementor-type=\"wp-post\" data-elementor-id=\"17908\" class=\"elementor elementor-17908 elementor-646\">\n\t\t\t\t\t\t<section class=\"elementor-section elementor-top-section elementor-element elementor-element-6c1d452b elementor-section-boxed elementor-section-height-default elementor-section-height-default\" data-id=\"6c1d452b\" data-element_type=\"section\" data-e-type=\"section\">\n\t\t\t\t\t\t<div class=\"elementor-container elementor-column-gap-default\">\n\t\t\t\t\t<div class=\"elementor-column elementor-col-100 elementor-top-column elementor-element elementor-element-2ff0f1e0\" data-id=\"2ff0f1e0\" data-element_type=\"column\" data-e-type=\"column\">\n\t\t\t<div class=\"elementor-widget-wrap elementor-element-populated\">\n\t\t\t\t\t\t<div class=\"elementor-element elementor-element-a8ac79c elementor-widget elementor-widget-houzez_elementor_space\" data-id=\"a8ac79c\" data-element_type=\"widget\" data-e-type=\"widget\" data-widget_type=\"houzez_elementor_space.default\">\n\t\t\t\t<div class=\"elementor-widget-container\">\n\t\t\t\t\t        <div class=\"houzez-spacer\">\n            <div class=\"houzez-spacer-inner\"><\/div>\n        <\/div>\n        \t\t\t\t<\/div>\n\t\t\t\t<\/div>\n\t\t\t\t<div class=\"elementor-element elementor-element-594b8015 elementor-widget elementor-widget-heading\" data-id=\"594b8015\" data-element_type=\"widget\" data-e-type=\"widget\" data-widget_type=\"heading.default\">\n\t\t\t\t\t<h1 class=\"elementor-heading-title elementor-size-large\">Blog<\/h1>\t\t\t\t<\/div>\n\t\t\t\t<div class=\"elementor-element elementor-element-30d4a1fc elementor-widget-divider--view-line elementor-widget elementor-widget-divider\" data-id=\"30d4a1fc\" data-element_type=\"widget\" data-e-type=\"widget\" data-widget_type=\"divider.default\">\n\t\t\t\t\t\t\t<div class=\"elementor-divider\">\n\t\t\t<span class=\"elementor-divider-separator\">\n\t\t\t\t\t\t<\/span>\n\t\t<\/div>\n\t\t\t\t\t\t<\/div>\n\t\t\t\t\t<\/div>\n\t\t<\/div>\n\t\t\t\t\t<\/div>\n\t\t<\/section>\n\t\t\t\t<section class=\"elementor-section elementor-top-section elementor-element elementor-element-7c2fb334 elementor-section-boxed elementor-section-height-default elementor-section-height-default\" data-id=\"7c2fb334\" data-element_type=\"section\" data-e-type=\"section\">\n\t\t\t\t\t\t<div class=\"elementor-container elementor-column-gap-default\">\n\t\t\t\t\t<div class=\"elementor-column elementor-col-100 elementor-top-column elementor-element elementor-element-b9d1d77\" data-id=\"b9d1d77\" data-element_type=\"column\" data-e-type=\"column\">\n\t\t\t<div class=\"elementor-widget-wrap elementor-element-populated\">\n\t\t\t\t\t\t<div class=\"elementor-element elementor-element-adf76e7 elementor-widget elementor-widget-heading\" data-id=\"adf76e7\" data-element_type=\"widget\" data-e-type=\"widget\" data-widget_type=\"heading.default\">\n\t\t\t\t\t<h2 class=\"elementor-heading-title elementor-size-medium\">Darreres entrades<\/h2>\t\t\t\t<\/div>\n\t\t\t\t<div class=\"elementor-element elementor-element-6db9719 elementor-widget elementor-widget-houzez_elementor_blog_posts_carousel\" data-id=\"6db9719\" data-element_type=\"widget\" data-e-type=\"widget\" data-widget_type=\"houzez_elementor_blog_posts_carousel.default\">\n\t\t\t\t<div class=\"elementor-widget-container\">\n\t\t\t\t\t        <script>\n            jQuery(document).ready(function ($) {\n\n                var owl_post_card = $('#carousel-post-card-kpnIK');\n\n                owl_post_card.slick({\n                    rtl: false,\n                    lazyLoad: 'ondemand',\n                    infinite: true,\n                    speed: 300,\n                    slidesToShow: 4,\n                    arrows: true,\n                    adaptiveHeight: true,\n                    dots: true,\n                    appendArrows: '.blog-posts-slider',\n                    prevArrow: $('.blog-prev-js'),\n                    nextArrow: $('.blog-next-js'),\n                    responsive: [{\n                            breakpoint: 992,\n                            settings: {\n                                slidesToShow: 2,\n                                slidesToScroll: 2\n                            }\n                        },\n                        {\n                            breakpoint: 769,\n                            settings: {\n                                slidesToShow: 1,\n                                slidesToScroll: 1\n                            }\n                        }\n                    ]\n                });\n            });\n        <\/script>\n\n        <div class=\"blog-posts-module blog-posts-slider blog-posts-module-v1\">\n\n            <div class=\"property-carousel-buttons-wrap\">\n                <button type=\"button\" class=\"blog-prev-js slick-prev btn-primary-outlined\">Prev<\/button>\n                <button type=\"button\" class=\"blog-next-js slick-next btn-primary-outlined\">Next<\/button>\n            <\/div><!-- property-carousel-buttons-wrap -->\n\n            <div class=\"blog-posts-slider-wrap\">\n                <div id=\"carousel-post-card-kpnIK\" class=\"blog-posts-slide-wrap blog-posts-slide-wrap-js houzez-all-slider-wrap\">\n                                            <div class=\"blog-posts-slide-wrap\">\n                            <div id=\"post-32844\" class=\"blog-post-item blog-post-item-v1 post-32844 post type-post status-publish format-standard has-post-thumbnail hentry category-blog-ca\">\n\t\n\t\t<div class=\"blog-post-thumb\">\n\t\t<a href=\"https:\/\/adhernandez.com\/ca\/2026\/04\/10\/qui-decideix-els-colors-dels-tendals-i-dels-balcons-en-una-comunitat-de-veins\/\" class=\"hover-effect\">\n\t\t\t<img fetchpriority=\"high\" decoding=\"async\" width=\"592\" height=\"444\" src=\"https:\/\/adhernandez.com\/wp-content\/uploads\/2026\/04\/toldos-del-mismo-color-comunidad-592x444.jpg\" class=\"img-fluid wp-post-image\" alt=\"\" srcset=\"https:\/\/adhernandez.com\/wp-content\/uploads\/2026\/04\/toldos-del-mismo-color-comunidad-592x444.jpg 592w, https:\/\/adhernandez.com\/wp-content\/uploads\/2026\/04\/toldos-del-mismo-color-comunidad-584x438.jpg 584w, https:\/\/adhernandez.com\/wp-content\/uploads\/2026\/04\/toldos-del-mismo-color-comunidad-120x90.jpg 120w\" sizes=\"(max-width: 592px) 100vw, 592px\" \/>\t\t<\/a>\n\t<\/div><!-- blog-post-thumb -->\n\t\n\t<div class=\"blog-post-content-wrap\">\n\t\t<div class=\"blog-post-meta\">\n\t\t\t<ul class=\"list-inline\">\n\t\t\t\t\t\t\t\t<li class=\"list-inline-item\">\n\t\t\t\t\t<time datetime=\"10 d'abril de 2026\"><i class=\"houzez-icon icon-calendar-3 mr-1\"><\/i> 10 d'abril de 2026<\/time>\n\t\t\t\t<\/li>\n\t\t\t\t\n\t\t\t\t\t\t\t\t<li class=\"list-inline-item\">\n\t\t\t\t\t<i class=\"houzez-icon icon-tags mr-1\"><\/i> <a href=\"https:\/\/adhernandez.com\/ca\/category\/blog-ca\/\" rel=\"category tag\">blog<\/a>\t\t\t\t<\/li>\n\t\t\t\t\n\t\t\t<\/ul>\n\t\t<\/div><!-- blog-post-meta -->\n\t\t<div class=\"blog-post-title\">\n\t\t\t<h3><a href=\"https:\/\/adhernandez.com\/ca\/2026\/04\/10\/qui-decideix-els-colors-dels-tendals-i-dels-balcons-en-una-comunitat-de-veins\/\">Qui decideix els colors dels tendals i dels balcons en una comunitat de ve\u00efns?<\/a><\/h3>\n\t\t<\/div><!-- blog-post-title -->\n\t\t<div class=\"blog-post-body\">\n\t\t\tEn moltes comunitats de ve\u00efns sorgeix el mateix dubte: pot cada propietari triar el color del seu...\t\t<\/div><!-- blog-post-body -->\n\t\t<div class=\"blog-post-link\">\n\t\t\t<a href=\"https:\/\/adhernandez.com\/ca\/2026\/04\/10\/qui-decideix-els-colors-dels-tendals-i-dels-balcons-en-una-comunitat-de-veins\/\"><\/a>\n\t\t<\/div><!-- blog-post-link -->\n\t<\/div><!-- blog-post-content-wrap -->\n\t\t<div class=\"blog-post-author\">\n\t\t<i class=\"houzez-icon icon-single-neutral mr-1\"><\/i>  AdHern\u00e1ndez\t<\/div>\n\t<\/div><!-- blog-post-item -->                        <\/div>\n                                            <div class=\"blog-posts-slide-wrap\">\n                            <div id=\"post-32841\" class=\"blog-post-item blog-post-item-v1 post-32841 post type-post status-publish format-standard has-post-thumbnail hentry category-blog-ca\">\n\t\n\t\t<div class=\"blog-post-thumb\">\n\t\t<a href=\"https:\/\/adhernandez.com\/ca\/2026\/03\/30\/noves-mesures-en-materia-darrendaments-dhabitatge-reial-decret-llei-8-2026\/\" class=\"hover-effect\">\n\t\t\t<img decoding=\"async\" width=\"592\" height=\"444\" src=\"https:\/\/adhernandez.com\/wp-content\/uploads\/2026\/03\/nueva-normativa-alquiler-592x444.jpg\" class=\"img-fluid wp-post-image\" alt=\"\" srcset=\"https:\/\/adhernandez.com\/wp-content\/uploads\/2026\/03\/nueva-normativa-alquiler-592x444.jpg 592w, https:\/\/adhernandez.com\/wp-content\/uploads\/2026\/03\/nueva-normativa-alquiler-584x438.jpg 584w, https:\/\/adhernandez.com\/wp-content\/uploads\/2026\/03\/nueva-normativa-alquiler-120x90.jpg 120w\" sizes=\"(max-width: 592px) 100vw, 592px\" \/>\t\t<\/a>\n\t<\/div><!-- blog-post-thumb -->\n\t\n\t<div class=\"blog-post-content-wrap\">\n\t\t<div class=\"blog-post-meta\">\n\t\t\t<ul class=\"list-inline\">\n\t\t\t\t\t\t\t\t<li class=\"list-inline-item\">\n\t\t\t\t\t<time datetime=\"30 de mar\u00e7 de 2026\"><i class=\"houzez-icon icon-calendar-3 mr-1\"><\/i> 30 de mar\u00e7 de 2026<\/time>\n\t\t\t\t<\/li>\n\t\t\t\t\n\t\t\t\t\t\t\t\t<li class=\"list-inline-item\">\n\t\t\t\t\t<i class=\"houzez-icon icon-tags mr-1\"><\/i> <a href=\"https:\/\/adhernandez.com\/ca\/category\/blog-ca\/\" rel=\"category tag\">blog<\/a>\t\t\t\t<\/li>\n\t\t\t\t\n\t\t\t<\/ul>\n\t\t<\/div><!-- blog-post-meta -->\n\t\t<div class=\"blog-post-title\">\n\t\t\t<h3><a href=\"https:\/\/adhernandez.com\/ca\/2026\/03\/30\/noves-mesures-en-materia-darrendaments-dhabitatge-reial-decret-llei-8-2026\/\">Noves mesures en mat\u00e8ria d&#8217;arrendaments d&#8217;habitatge: Reial decret llei 8\/2026<\/a><\/h3>\n\t\t<\/div><!-- blog-post-title -->\n\t\t<div class=\"blog-post-body\">\n\t\t\tMesures del Reial decret llei 8\/2026: pr\u00f2rroga extraordin\u00e0ria i limitaci\u00f3 del 2\u202f% en l'actualitzaci\u00f3 de rendes d'habitatge\t\t<\/div><!-- blog-post-body -->\n\t\t<div class=\"blog-post-link\">\n\t\t\t<a href=\"https:\/\/adhernandez.com\/ca\/2026\/03\/30\/noves-mesures-en-materia-darrendaments-dhabitatge-reial-decret-llei-8-2026\/\"><\/a>\n\t\t<\/div><!-- blog-post-link -->\n\t<\/div><!-- blog-post-content-wrap -->\n\t\t<div class=\"blog-post-author\">\n\t\t<i class=\"houzez-icon icon-single-neutral mr-1\"><\/i>  AdHern\u00e1ndez\t<\/div>\n\t<\/div><!-- blog-post-item -->                        <\/div>\n                                            <div class=\"blog-posts-slide-wrap\">\n                            <div id=\"post-32838\" class=\"blog-post-item blog-post-item-v1 post-32838 post type-post status-publish format-standard has-post-thumbnail hentry category-blog-ca\">\n\t\n\t\t<div class=\"blog-post-thumb\">\n\t\t<a href=\"https:\/\/adhernandez.com\/ca\/2026\/03\/08\/puc-aparcar-el-cotxe-i-la-moto-en-la-mateixa-placa-de-garatge\/\" class=\"hover-effect\">\n\t\t\t<img decoding=\"async\" width=\"592\" height=\"444\" src=\"https:\/\/adhernandez.com\/wp-content\/uploads\/2026\/04\/plaza-de-moto-y-coche-592x444.jpg\" class=\"img-fluid wp-post-image\" alt=\"\" srcset=\"https:\/\/adhernandez.com\/wp-content\/uploads\/2026\/04\/plaza-de-moto-y-coche-592x444.jpg 592w, https:\/\/adhernandez.com\/wp-content\/uploads\/2026\/04\/plaza-de-moto-y-coche-584x438.jpg 584w, https:\/\/adhernandez.com\/wp-content\/uploads\/2026\/04\/plaza-de-moto-y-coche-120x90.jpg 120w\" sizes=\"(max-width: 592px) 100vw, 592px\" \/>\t\t<\/a>\n\t<\/div><!-- blog-post-thumb -->\n\t\n\t<div class=\"blog-post-content-wrap\">\n\t\t<div class=\"blog-post-meta\">\n\t\t\t<ul class=\"list-inline\">\n\t\t\t\t\t\t\t\t<li class=\"list-inline-item\">\n\t\t\t\t\t<time datetime=\"8 de mar\u00e7 de 2026\"><i class=\"houzez-icon icon-calendar-3 mr-1\"><\/i> 8 de mar\u00e7 de 2026<\/time>\n\t\t\t\t<\/li>\n\t\t\t\t\n\t\t\t\t\t\t\t\t<li class=\"list-inline-item\">\n\t\t\t\t\t<i class=\"houzez-icon icon-tags mr-1\"><\/i> <a href=\"https:\/\/adhernandez.com\/ca\/category\/blog-ca\/\" rel=\"category tag\">blog<\/a>\t\t\t\t<\/li>\n\t\t\t\t\n\t\t\t<\/ul>\n\t\t<\/div><!-- blog-post-meta -->\n\t\t<div class=\"blog-post-title\">\n\t\t\t<h3><a href=\"https:\/\/adhernandez.com\/ca\/2026\/03\/08\/puc-aparcar-el-cotxe-i-la-moto-en-la-mateixa-placa-de-garatge\/\">Puc aparcar el cotxe i la moto en la mateixa pla\u00e7a de garatge?<\/a><\/h3>\n\t\t<\/div><!-- blog-post-title -->\n\t\t<div class=\"blog-post-body\">\n\t\t\t\r\nEs pot aparcar cotxe i moto en la mateixa pla\u00e7a de garatge? Repassem la regulaci\u00f3 legal, estatuts de comunitat i l\u00edmits de seguretat.\t\t<\/div><!-- blog-post-body -->\n\t\t<div class=\"blog-post-link\">\n\t\t\t<a href=\"https:\/\/adhernandez.com\/ca\/2026\/03\/08\/puc-aparcar-el-cotxe-i-la-moto-en-la-mateixa-placa-de-garatge\/\"><\/a>\n\t\t<\/div><!-- blog-post-link -->\n\t<\/div><!-- blog-post-content-wrap -->\n\t\t<div class=\"blog-post-author\">\n\t\t<i class=\"houzez-icon icon-single-neutral mr-1\"><\/i>  AdHern\u00e1ndez\t<\/div>\n\t<\/div><!-- blog-post-item -->                        <\/div>\n                                            <div class=\"blog-posts-slide-wrap\">\n                            <div id=\"post-32834\" class=\"blog-post-item blog-post-item-v1 post-32834 post type-post status-publish format-standard has-post-thumbnail hentry category-blog-ca category-compra\">\n\t\n\t\t<div class=\"blog-post-thumb\">\n\t\t<a href=\"https:\/\/adhernandez.com\/ca\/2026\/02\/23\/tot-sobre-el-certificat-energetic\/\" class=\"hover-effect\">\n\t\t\t<img loading=\"lazy\" decoding=\"async\" width=\"592\" height=\"444\" src=\"https:\/\/adhernandez.com\/wp-content\/uploads\/2026\/02\/eficiencia-energetica-casa-592x444.jpg\" class=\"img-fluid wp-post-image\" alt=\"\" srcset=\"https:\/\/adhernandez.com\/wp-content\/uploads\/2026\/02\/eficiencia-energetica-casa-592x444.jpg 592w, https:\/\/adhernandez.com\/wp-content\/uploads\/2026\/02\/eficiencia-energetica-casa-584x438.jpg 584w, https:\/\/adhernandez.com\/wp-content\/uploads\/2026\/02\/eficiencia-energetica-casa-120x90.jpg 120w\" sizes=\"(max-width: 592px) 100vw, 592px\" \/>\t\t<\/a>\n\t<\/div><!-- blog-post-thumb -->\n\t\n\t<div class=\"blog-post-content-wrap\">\n\t\t<div class=\"blog-post-meta\">\n\t\t\t<ul class=\"list-inline\">\n\t\t\t\t\t\t\t\t<li class=\"list-inline-item\">\n\t\t\t\t\t<time datetime=\"23 de febrer de 2026\"><i class=\"houzez-icon icon-calendar-3 mr-1\"><\/i> 23 de febrer de 2026<\/time>\n\t\t\t\t<\/li>\n\t\t\t\t\n\t\t\t\t\t\t\t\t<li class=\"list-inline-item\">\n\t\t\t\t\t<i class=\"houzez-icon icon-tags mr-1\"><\/i> <a href=\"https:\/\/adhernandez.com\/ca\/category\/blog-ca\/\" rel=\"category tag\">blog<\/a>, <a href=\"https:\/\/adhernandez.com\/ca\/category\/compra\/\" rel=\"category tag\">Compra<\/a>\t\t\t\t<\/li>\n\t\t\t\t\n\t\t\t<\/ul>\n\t\t<\/div><!-- blog-post-meta -->\n\t\t<div class=\"blog-post-title\">\n\t\t\t<h3><a href=\"https:\/\/adhernandez.com\/ca\/2026\/02\/23\/tot-sobre-el-certificat-energetic\/\">Tot sobre el certificat energ\u00e8tic<\/a><\/h3>\n\t\t<\/div><!-- blog-post-title -->\n\t\t<div class=\"blog-post-body\">\n\t\t\t\r\nQu\u00e8 \u00e9s el certificat energ\u00e8tic? Coneix la seva base legal, indicadors de consum, validesa i com influeix en el valor real d'un habitatge.\t\t<\/div><!-- blog-post-body -->\n\t\t<div class=\"blog-post-link\">\n\t\t\t<a href=\"https:\/\/adhernandez.com\/ca\/2026\/02\/23\/tot-sobre-el-certificat-energetic\/\"><\/a>\n\t\t<\/div><!-- blog-post-link -->\n\t<\/div><!-- blog-post-content-wrap -->\n\t\t<div class=\"blog-post-author\">\n\t\t<i class=\"houzez-icon icon-single-neutral mr-1\"><\/i>  AdHern\u00e1ndez\t<\/div>\n\t<\/div><!-- blog-post-item -->                        <\/div>\n                                            <div class=\"blog-posts-slide-wrap\">\n                            <div id=\"post-32830\" class=\"blog-post-item blog-post-item-v1 post-32830 post type-post status-publish format-standard has-post-thumbnail hentry category-alquiler category-blog-ca category-propiedad-horizontal-ca\">\n\t\n\t\t<div class=\"blog-post-thumb\">\n\t\t<a href=\"https:\/\/adhernandez.com\/ca\/2026\/02\/11\/es-possible-extingir-un-contracte-de-lloguer-de-renda-antiga\/\" class=\"hover-effect\">\n\t\t\t<img loading=\"lazy\" decoding=\"async\" width=\"592\" height=\"444\" src=\"https:\/\/adhernandez.com\/wp-content\/uploads\/2026\/02\/alquiler-de-renta-antigua-592x444.jpg\" class=\"img-fluid wp-post-image\" alt=\"\" srcset=\"https:\/\/adhernandez.com\/wp-content\/uploads\/2026\/02\/alquiler-de-renta-antigua-592x444.jpg 592w, https:\/\/adhernandez.com\/wp-content\/uploads\/2026\/02\/alquiler-de-renta-antigua-584x438.jpg 584w, https:\/\/adhernandez.com\/wp-content\/uploads\/2026\/02\/alquiler-de-renta-antigua-120x90.jpg 120w\" sizes=\"(max-width: 592px) 100vw, 592px\" \/>\t\t<\/a>\n\t<\/div><!-- blog-post-thumb -->\n\t\n\t<div class=\"blog-post-content-wrap\">\n\t\t<div class=\"blog-post-meta\">\n\t\t\t<ul class=\"list-inline\">\n\t\t\t\t\t\t\t\t<li class=\"list-inline-item\">\n\t\t\t\t\t<time datetime=\"11 de febrer de 2026\"><i class=\"houzez-icon icon-calendar-3 mr-1\"><\/i> 11 de febrer de 2026<\/time>\n\t\t\t\t<\/li>\n\t\t\t\t\n\t\t\t\t\t\t\t\t<li class=\"list-inline-item\">\n\t\t\t\t\t<i class=\"houzez-icon icon-tags mr-1\"><\/i> <a href=\"https:\/\/adhernandez.com\/ca\/category\/alquiler\/\" rel=\"category tag\">Alquiler<\/a>, <a href=\"https:\/\/adhernandez.com\/ca\/category\/blog-ca\/\" rel=\"category tag\">blog<\/a>, <a href=\"https:\/\/adhernandez.com\/ca\/category\/propiedad-horizontal-ca\/\" rel=\"category tag\">Propiedad Horizontal<\/a>\t\t\t\t<\/li>\n\t\t\t\t\n\t\t\t<\/ul>\n\t\t<\/div><!-- blog-post-meta -->\n\t\t<div class=\"blog-post-title\">\n\t\t\t<h3><a href=\"https:\/\/adhernandez.com\/ca\/2026\/02\/11\/es-possible-extingir-un-contracte-de-lloguer-de-renda-antiga\/\">\u00c9s possible extingir un contracte de lloguer de renda antiga?<\/a><\/h3>\n\t\t<\/div><!-- blog-post-title -->\n\t\t<div class=\"blog-post-body\">\n\t\t\t\u00c9s possible extingir un lloguer de renda antiga? An\u00e0lisi legal sobre pr\u00f2rroga for\u00e7osa, subrogaci\u00f3, causes de resoluci\u00f3 i normativa.\t\t<\/div><!-- blog-post-body -->\n\t\t<div class=\"blog-post-link\">\n\t\t\t<a href=\"https:\/\/adhernandez.com\/ca\/2026\/02\/11\/es-possible-extingir-un-contracte-de-lloguer-de-renda-antiga\/\"><\/a>\n\t\t<\/div><!-- blog-post-link -->\n\t<\/div><!-- blog-post-content-wrap -->\n\t\t<div class=\"blog-post-author\">\n\t\t<i class=\"houzez-icon icon-single-neutral mr-1\"><\/i>  AdHern\u00e1ndez\t<\/div>\n\t<\/div><!-- blog-post-item -->                        <\/div>\n                                            <div class=\"blog-posts-slide-wrap\">\n                            <div id=\"post-32569\" class=\"blog-post-item blog-post-item-v1 post-32569 post type-post status-publish format-standard has-post-thumbnail hentry category-propiedad-horizontal-ca\">\n\t\n\t\t<div class=\"blog-post-thumb\">\n\t\t<a href=\"https:\/\/adhernandez.com\/ca\/2026\/01\/21\/com-selegeix-al-president-de-la-comunitat-de-veins-segons-la-normativa-vigent\/\" class=\"hover-effect\">\n\t\t\t<img loading=\"lazy\" decoding=\"async\" width=\"592\" height=\"444\" src=\"https:\/\/adhernandez.com\/wp-content\/uploads\/2026\/01\/elegir-presidente-comunidad--592x444.jpg\" class=\"img-fluid wp-post-image\" alt=\"\" srcset=\"https:\/\/adhernandez.com\/wp-content\/uploads\/2026\/01\/elegir-presidente-comunidad--592x444.jpg 592w, https:\/\/adhernandez.com\/wp-content\/uploads\/2026\/01\/elegir-presidente-comunidad--584x438.jpg 584w, https:\/\/adhernandez.com\/wp-content\/uploads\/2026\/01\/elegir-presidente-comunidad--120x90.jpg 120w\" sizes=\"(max-width: 592px) 100vw, 592px\" \/>\t\t<\/a>\n\t<\/div><!-- blog-post-thumb -->\n\t\n\t<div class=\"blog-post-content-wrap\">\n\t\t<div class=\"blog-post-meta\">\n\t\t\t<ul class=\"list-inline\">\n\t\t\t\t\t\t\t\t<li class=\"list-inline-item\">\n\t\t\t\t\t<time datetime=\"21 de gener de 2026\"><i class=\"houzez-icon icon-calendar-3 mr-1\"><\/i> 21 de gener de 2026<\/time>\n\t\t\t\t<\/li>\n\t\t\t\t\n\t\t\t\t\t\t\t\t<li class=\"list-inline-item\">\n\t\t\t\t\t<i class=\"houzez-icon icon-tags mr-1\"><\/i> <a href=\"https:\/\/adhernandez.com\/ca\/category\/propiedad-horizontal-ca\/\" rel=\"category tag\">Propiedad Horizontal<\/a>\t\t\t\t<\/li>\n\t\t\t\t\n\t\t\t<\/ul>\n\t\t<\/div><!-- blog-post-meta -->\n\t\t<div class=\"blog-post-title\">\n\t\t\t<h3><a href=\"https:\/\/adhernandez.com\/ca\/2026\/01\/21\/com-selegeix-al-president-de-la-comunitat-de-veins-segons-la-normativa-vigent\/\">Com s&#8217;elegeix al president de la comunitat de ve\u00efns segons la normativa vigent?<\/a><\/h3>\n\t\t<\/div><!-- blog-post-title -->\n\t\t<div class=\"blog-post-body\">\n\t\t\tLa figura del president en una comunitat de propietaris no \u00e9s nom\u00e9s representativa, sin\u00f3 que...\t\t<\/div><!-- blog-post-body -->\n\t\t<div class=\"blog-post-link\">\n\t\t\t<a href=\"https:\/\/adhernandez.com\/ca\/2026\/01\/21\/com-selegeix-al-president-de-la-comunitat-de-veins-segons-la-normativa-vigent\/\"><\/a>\n\t\t<\/div><!-- blog-post-link -->\n\t<\/div><!-- blog-post-content-wrap -->\n\t\t<div class=\"blog-post-author\">\n\t\t<i class=\"houzez-icon icon-single-neutral mr-1\"><\/i>  AdHern\u00e1ndez\t<\/div>\n\t<\/div><!-- blog-post-item -->                        <\/div>\n                                            <div class=\"blog-posts-slide-wrap\">\n                            <div id=\"post-32565\" class=\"blog-post-item blog-post-item-v1 post-32565 post type-post status-publish format-standard has-post-thumbnail hentry category-propiedad-horizontal-ca\">\n\t\n\t\t<div class=\"blog-post-thumb\">\n\t\t<a href=\"https:\/\/adhernandez.com\/ca\/2026\/01\/13\/qui-paga-les-vesses-en-comprar-un-pis-guia-per-a-evitar-sorpreses-en-la-compravenda\/\" class=\"hover-effect\">\n\t\t\t<img loading=\"lazy\" decoding=\"async\" width=\"592\" height=\"444\" src=\"https:\/\/adhernandez.com\/wp-content\/uploads\/2026\/01\/derramas-en-comunidad-de-vecinos-592x444.jpg\" class=\"img-fluid wp-post-image\" alt=\"\" srcset=\"https:\/\/adhernandez.com\/wp-content\/uploads\/2026\/01\/derramas-en-comunidad-de-vecinos-592x444.jpg 592w, https:\/\/adhernandez.com\/wp-content\/uploads\/2026\/01\/derramas-en-comunidad-de-vecinos-584x438.jpg 584w, https:\/\/adhernandez.com\/wp-content\/uploads\/2026\/01\/derramas-en-comunidad-de-vecinos-120x90.jpg 120w\" sizes=\"(max-width: 592px) 100vw, 592px\" \/>\t\t<\/a>\n\t<\/div><!-- blog-post-thumb -->\n\t\n\t<div class=\"blog-post-content-wrap\">\n\t\t<div class=\"blog-post-meta\">\n\t\t\t<ul class=\"list-inline\">\n\t\t\t\t\t\t\t\t<li class=\"list-inline-item\">\n\t\t\t\t\t<time datetime=\"13 de gener de 2026\"><i class=\"houzez-icon icon-calendar-3 mr-1\"><\/i> 13 de gener de 2026<\/time>\n\t\t\t\t<\/li>\n\t\t\t\t\n\t\t\t\t\t\t\t\t<li class=\"list-inline-item\">\n\t\t\t\t\t<i class=\"houzez-icon icon-tags mr-1\"><\/i> <a href=\"https:\/\/adhernandez.com\/ca\/category\/propiedad-horizontal-ca\/\" rel=\"category tag\">Propiedad Horizontal<\/a>\t\t\t\t<\/li>\n\t\t\t\t\n\t\t\t<\/ul>\n\t\t<\/div><!-- blog-post-meta -->\n\t\t<div class=\"blog-post-title\">\n\t\t\t<h3><a href=\"https:\/\/adhernandez.com\/ca\/2026\/01\/13\/qui-paga-les-vesses-en-comprar-un-pis-guia-per-a-evitar-sorpreses-en-la-compravenda\/\">Qui paga les vesses en comprar un pis? Guia per a evitar sorpreses en la compravenda<\/a><\/h3>\n\t\t<\/div><!-- blog-post-title -->\n\t\t<div class=\"blog-post-body\">\n\t\t\tDescobreix qui ha de pagar les vesses en comprar un pis i evita imprevistos en la compravenda. T'expliquem les obligacions del comprador i del venedor pas a pas.\t\t<\/div><!-- blog-post-body -->\n\t\t<div class=\"blog-post-link\">\n\t\t\t<a href=\"https:\/\/adhernandez.com\/ca\/2026\/01\/13\/qui-paga-les-vesses-en-comprar-un-pis-guia-per-a-evitar-sorpreses-en-la-compravenda\/\"><\/a>\n\t\t<\/div><!-- blog-post-link -->\n\t<\/div><!-- blog-post-content-wrap -->\n\t\t<div class=\"blog-post-author\">\n\t\t<i class=\"houzez-icon icon-single-neutral mr-1\"><\/i>  AdHern\u00e1ndez\t<\/div>\n\t<\/div><!-- blog-post-item -->                        <\/div>\n                                            <div class=\"blog-posts-slide-wrap\">\n                            <div id=\"post-32498\" class=\"blog-post-item blog-post-item-v1 post-32498 post type-post status-publish format-standard has-post-thumbnail hentry category-propiedad-horizontal-ca\">\n\t\n\t\t<div class=\"blog-post-thumb\">\n\t\t<a href=\"https:\/\/adhernandez.com\/ca\/2025\/12\/22\/es-possible-privar-de-lascensor-a-un-propietari-moros\/\" class=\"hover-effect\">\n\t\t\t<img loading=\"lazy\" decoding=\"async\" width=\"592\" height=\"444\" src=\"https:\/\/adhernandez.com\/wp-content\/uploads\/2026\/01\/limitar-uso-ascensor-592x444.jpg\" class=\"img-fluid wp-post-image\" alt=\"\" srcset=\"https:\/\/adhernandez.com\/wp-content\/uploads\/2026\/01\/limitar-uso-ascensor-592x444.jpg 592w, https:\/\/adhernandez.com\/wp-content\/uploads\/2026\/01\/limitar-uso-ascensor-584x438.jpg 584w, https:\/\/adhernandez.com\/wp-content\/uploads\/2026\/01\/limitar-uso-ascensor-120x90.jpg 120w\" sizes=\"(max-width: 592px) 100vw, 592px\" \/>\t\t<\/a>\n\t<\/div><!-- blog-post-thumb -->\n\t\n\t<div class=\"blog-post-content-wrap\">\n\t\t<div class=\"blog-post-meta\">\n\t\t\t<ul class=\"list-inline\">\n\t\t\t\t\t\t\t\t<li class=\"list-inline-item\">\n\t\t\t\t\t<time datetime=\"22 de desembre de 2025\"><i class=\"houzez-icon icon-calendar-3 mr-1\"><\/i> 22 de desembre de 2025<\/time>\n\t\t\t\t<\/li>\n\t\t\t\t\n\t\t\t\t\t\t\t\t<li class=\"list-inline-item\">\n\t\t\t\t\t<i class=\"houzez-icon icon-tags mr-1\"><\/i> <a href=\"https:\/\/adhernandez.com\/ca\/category\/propiedad-horizontal-ca\/\" rel=\"category tag\">Propiedad Horizontal<\/a>\t\t\t\t<\/li>\n\t\t\t\t\n\t\t\t<\/ul>\n\t\t<\/div><!-- blog-post-meta -->\n\t\t<div class=\"blog-post-title\">\n\t\t\t<h3><a href=\"https:\/\/adhernandez.com\/ca\/2025\/12\/22\/es-possible-privar-de-lascensor-a-un-propietari-moros\/\">\u00c9s possible privar de l&#8217;ascensor a un propietari mor\u00f3s?<\/a><\/h3>\n\t\t<\/div><!-- blog-post-title -->\n\t\t<div class=\"blog-post-body\">\n\t\t\tUna dels dubtes m\u00e9s recurrents que sorgeixen en les reunions de propietaris, especialment quan la...\t\t<\/div><!-- blog-post-body -->\n\t\t<div class=\"blog-post-link\">\n\t\t\t<a href=\"https:\/\/adhernandez.com\/ca\/2025\/12\/22\/es-possible-privar-de-lascensor-a-un-propietari-moros\/\"><\/a>\n\t\t<\/div><!-- blog-post-link -->\n\t<\/div><!-- blog-post-content-wrap -->\n\t\t<div class=\"blog-post-author\">\n\t\t<i class=\"houzez-icon icon-single-neutral mr-1\"><\/i>  AdHern\u00e1ndez\t<\/div>\n\t<\/div><!-- blog-post-item -->                        <\/div>\n                                            <div class=\"blog-posts-slide-wrap\">\n                            <div id=\"post-32482\" class=\"blog-post-item blog-post-item-v1 post-32482 post type-post status-publish format-standard has-post-thumbnail hentry category-propiedad-horizontal-ca\">\n\t\n\t\t<div class=\"blog-post-thumb\">\n\t\t<a href=\"https:\/\/adhernandez.com\/ca\/2025\/12\/11\/tancament-fiscal-2025-i-planificacio-2026-les-deduccions-clau-per-al-seu-immoble\/\" class=\"hover-effect\">\n\t\t\t<img loading=\"lazy\" decoding=\"async\" width=\"592\" height=\"444\" src=\"https:\/\/adhernandez.com\/wp-content\/uploads\/2025\/11\/cierre-fiscal-2025-592x444.webp\" class=\"img-fluid wp-post-image\" alt=\"\" srcset=\"https:\/\/adhernandez.com\/wp-content\/uploads\/2025\/11\/cierre-fiscal-2025-592x444.webp 592w, https:\/\/adhernandez.com\/wp-content\/uploads\/2025\/11\/cierre-fiscal-2025-584x438.webp 584w, https:\/\/adhernandez.com\/wp-content\/uploads\/2025\/11\/cierre-fiscal-2025-120x90.webp 120w\" sizes=\"(max-width: 592px) 100vw, 592px\" \/>\t\t<\/a>\n\t<\/div><!-- blog-post-thumb -->\n\t\n\t<div class=\"blog-post-content-wrap\">\n\t\t<div class=\"blog-post-meta\">\n\t\t\t<ul class=\"list-inline\">\n\t\t\t\t\t\t\t\t<li class=\"list-inline-item\">\n\t\t\t\t\t<time datetime=\"11 de desembre de 2025\"><i class=\"houzez-icon icon-calendar-3 mr-1\"><\/i> 11 de desembre de 2025<\/time>\n\t\t\t\t<\/li>\n\t\t\t\t\n\t\t\t\t\t\t\t\t<li class=\"list-inline-item\">\n\t\t\t\t\t<i class=\"houzez-icon icon-tags mr-1\"><\/i> <a href=\"https:\/\/adhernandez.com\/ca\/category\/propiedad-horizontal-ca\/\" rel=\"category tag\">Propiedad Horizontal<\/a>\t\t\t\t<\/li>\n\t\t\t\t\n\t\t\t<\/ul>\n\t\t<\/div><!-- blog-post-meta -->\n\t\t<div class=\"blog-post-title\">\n\t\t\t<h3><a href=\"https:\/\/adhernandez.com\/ca\/2025\/12\/11\/tancament-fiscal-2025-i-planificacio-2026-les-deduccions-clau-per-al-seu-immoble\/\">Tancament Fiscal 2025 i Planificaci\u00f3 2026: Les Deduccions Clau per al seu Immoble<\/a><\/h3>\n\t\t<\/div><!-- blog-post-title -->\n\t\t<div class=\"blog-post-body\">\n\t\t\tNormativa clau per al tancament fiscal 2025. Deduccions IRPF, l\u00edmits de la Llei d'Habitatge, Plusv\u00e0lua i requisits d'efici\u00e8ncia energ\u00e8tica per a planificar 2026.\t\t<\/div><!-- blog-post-body -->\n\t\t<div class=\"blog-post-link\">\n\t\t\t<a href=\"https:\/\/adhernandez.com\/ca\/2025\/12\/11\/tancament-fiscal-2025-i-planificacio-2026-les-deduccions-clau-per-al-seu-immoble\/\"><\/a>\n\t\t<\/div><!-- blog-post-link -->\n\t<\/div><!-- blog-post-content-wrap -->\n\t\t<div class=\"blog-post-author\">\n\t\t<i class=\"houzez-icon icon-single-neutral mr-1\"><\/i>  AdHern\u00e1ndez\t<\/div>\n\t<\/div><!-- blog-post-item -->                        <\/div>\n                                    <\/div>\n            <\/div>\n        <\/div><!-- blog-posts-module -->\n\n        \t\t\t\t<\/div>\n\t\t\t\t<\/div>\n\t\t\t\t\t<\/div>\n\t\t<\/div>\n\t\t\t\t\t<\/div>\n\t\t<\/section>\n\t\t\t\t<section class=\"elementor-section elementor-top-section elementor-element elementor-element-20392b15 elementor-section-boxed elementor-section-height-default elementor-section-height-default\" data-id=\"20392b15\" data-element_type=\"section\" data-e-type=\"section\">\n\t\t\t\t\t\t<div class=\"elementor-container elementor-column-gap-default\">\n\t\t\t\t\t<div class=\"elementor-column elementor-col-100 elementor-top-column elementor-element elementor-element-2a014619\" data-id=\"2a014619\" data-element_type=\"column\" data-e-type=\"column\">\n\t\t\t<div class=\"elementor-widget-wrap elementor-element-populated\">\n\t\t\t\t\t\t<div class=\"elementor-element elementor-element-194fc73c elementor-widget elementor-widget-heading\" data-id=\"194fc73c\" data-element_type=\"widget\" data-e-type=\"widget\" data-widget_type=\"heading.default\">\n\t\t\t\t\t<h2 class=\"elementor-heading-title elementor-size-medium\">Post m\u00e1s visitados<\/h2>\t\t\t\t<\/div>\n\t\t\t\t<div class=\"elementor-element elementor-element-63c616e elementor-widget elementor-widget-houzez_elementor_blog_posts_carousel\" data-id=\"63c616e\" data-element_type=\"widget\" data-e-type=\"widget\" data-widget_type=\"houzez_elementor_blog_posts_carousel.default\">\n\t\t\t\t<div class=\"elementor-widget-container\">\n\t\t\t\t\t        <script>\n            jQuery(document).ready(function ($) {\n\n                var owl_post_card = $('#carousel-post-card-3N0VI');\n\n                owl_post_card.slick({\n                    rtl: false,\n                    lazyLoad: 'ondemand',\n                    infinite: true,\n                    speed: 300,\n                    slidesToShow: 4,\n                    arrows: true,\n                    adaptiveHeight: true,\n                    dots: true,\n                    appendArrows: '.blog-posts-slider',\n                    prevArrow: $('.blog-prev-js'),\n                    nextArrow: $('.blog-next-js'),\n                    responsive: [{\n                            breakpoint: 992,\n                            settings: {\n                                slidesToShow: 2,\n                                slidesToScroll: 2\n                            }\n                        },\n                        {\n                            breakpoint: 769,\n                            settings: {\n                                slidesToShow: 1,\n                                slidesToScroll: 1\n                            }\n                        }\n                    ]\n                });\n            });\n        <\/script>\n\n        <div class=\"blog-posts-module blog-posts-slider blog-posts-module-v2\">\n\n            <div class=\"property-carousel-buttons-wrap\">\n                <button type=\"button\" class=\"blog-prev-js slick-prev btn-primary-outlined\">Prev<\/button>\n                <button type=\"button\" class=\"blog-next-js slick-next btn-primary-outlined\">Next<\/button>\n            <\/div><!-- property-carousel-buttons-wrap -->\n\n            <div class=\"blog-posts-slider-wrap\">\n                <div id=\"carousel-post-card-3N0VI\" class=\"blog-posts-slide-wrap blog-posts-slide-wrap-js houzez-all-slider-wrap\">\n                                            <div class=\"blog-posts-slide-wrap\">\n                            <div id=\"post-32844\" class=\"blog-post-item blog-post-item-v2 post-32844 post type-post status-publish format-standard has-post-thumbnail hentry category-blog-ca\">\n\t\n\t\t<div class=\"blog-post-thumb\">\n\t\t<a href=\"https:\/\/adhernandez.com\/ca\/2026\/04\/10\/qui-decideix-els-colors-dels-tendals-i-dels-balcons-en-una-comunitat-de-veins\/\" class=\"hover-effect\">\n\t\t\t<img fetchpriority=\"high\" decoding=\"async\" width=\"592\" height=\"444\" src=\"https:\/\/adhernandez.com\/wp-content\/uploads\/2026\/04\/toldos-del-mismo-color-comunidad-592x444.jpg\" class=\"img-fluid wp-post-image\" alt=\"\" srcset=\"https:\/\/adhernandez.com\/wp-content\/uploads\/2026\/04\/toldos-del-mismo-color-comunidad-592x444.jpg 592w, https:\/\/adhernandez.com\/wp-content\/uploads\/2026\/04\/toldos-del-mismo-color-comunidad-584x438.jpg 584w, https:\/\/adhernandez.com\/wp-content\/uploads\/2026\/04\/toldos-del-mismo-color-comunidad-120x90.jpg 120w\" sizes=\"(max-width: 592px) 100vw, 592px\" \/>\t\t<\/a>\n\t<\/div><!-- blog-post-thumb -->\n\t\n\t<div class=\"blog-post-content-wrap \">\n\t\t<div class=\"blog-post-meta\">\n\t\t\t<ul class=\"list-inline\">\n\t\t\t\t\t\t\t\t<li class=\"list-inline-item\">\n\t\t\t\t\t<time datetime=\"10 d'abril de 2026\"><i class=\"houzez-icon icon-calendar-3 mr-1\"><\/i> 10 d'abril de 2026<\/time>\n\t\t\t\t<\/li>\n\t\t\t\t\n\t\t\t\t\t\t\t\t<li class=\"list-inline-item\">\n\t\t\t\t\t<i class=\"houzez-icon icon-tags mr-1\"><\/i> <a href=\"https:\/\/adhernandez.com\/ca\/category\/blog-ca\/\" rel=\"category tag\">blog<\/a>\t\t\t\t<\/li>\n\t\t\t\t\t\t\t<\/ul>\n\t\t<\/div><!-- blog-post-meta -->\n\t\t<div class=\"blog-post-title\">\n\t\t\t<h3><a href=\"https:\/\/adhernandez.com\/ca\/2026\/04\/10\/qui-decideix-els-colors-dels-tendals-i-dels-balcons-en-una-comunitat-de-veins\/\">Qui decideix els colors dels tendals i dels balcons en una comunitat de ve\u00efns?<\/a><\/h3>\n\t\t<\/div><!-- blog-post-title -->\n\t<\/div><!-- blog-post-content-wrap -->\n\t\t<div class=\"blog-post-author\">\n\t\t<i class=\"houzez-icon icon-single-neutral mr-1\"><\/i>  AdHern\u00e1ndez\t<\/div>\n\t<\/div><!-- blog-post-item -->                        <\/div>\n                                            <div class=\"blog-posts-slide-wrap\">\n                            <div id=\"post-32841\" class=\"blog-post-item blog-post-item-v2 post-32841 post type-post status-publish format-standard has-post-thumbnail hentry category-blog-ca\">\n\t\n\t\t<div class=\"blog-post-thumb\">\n\t\t<a href=\"https:\/\/adhernandez.com\/ca\/2026\/03\/30\/noves-mesures-en-materia-darrendaments-dhabitatge-reial-decret-llei-8-2026\/\" class=\"hover-effect\">\n\t\t\t<img decoding=\"async\" width=\"592\" height=\"444\" src=\"https:\/\/adhernandez.com\/wp-content\/uploads\/2026\/03\/nueva-normativa-alquiler-592x444.jpg\" class=\"img-fluid wp-post-image\" alt=\"\" srcset=\"https:\/\/adhernandez.com\/wp-content\/uploads\/2026\/03\/nueva-normativa-alquiler-592x444.jpg 592w, https:\/\/adhernandez.com\/wp-content\/uploads\/2026\/03\/nueva-normativa-alquiler-584x438.jpg 584w, https:\/\/adhernandez.com\/wp-content\/uploads\/2026\/03\/nueva-normativa-alquiler-120x90.jpg 120w\" sizes=\"(max-width: 592px) 100vw, 592px\" \/>\t\t<\/a>\n\t<\/div><!-- blog-post-thumb -->\n\t\n\t<div class=\"blog-post-content-wrap \">\n\t\t<div class=\"blog-post-meta\">\n\t\t\t<ul class=\"list-inline\">\n\t\t\t\t\t\t\t\t<li class=\"list-inline-item\">\n\t\t\t\t\t<time datetime=\"30 de mar\u00e7 de 2026\"><i class=\"houzez-icon icon-calendar-3 mr-1\"><\/i> 30 de mar\u00e7 de 2026<\/time>\n\t\t\t\t<\/li>\n\t\t\t\t\n\t\t\t\t\t\t\t\t<li class=\"list-inline-item\">\n\t\t\t\t\t<i class=\"houzez-icon icon-tags mr-1\"><\/i> <a href=\"https:\/\/adhernandez.com\/ca\/category\/blog-ca\/\" rel=\"category tag\">blog<\/a>\t\t\t\t<\/li>\n\t\t\t\t\t\t\t<\/ul>\n\t\t<\/div><!-- blog-post-meta -->\n\t\t<div class=\"blog-post-title\">\n\t\t\t<h3><a href=\"https:\/\/adhernandez.com\/ca\/2026\/03\/30\/noves-mesures-en-materia-darrendaments-dhabitatge-reial-decret-llei-8-2026\/\">Noves mesures en mat\u00e8ria d&#8217;arrendaments d&#8217;habitatge: Reial decret llei 8\/2026<\/a><\/h3>\n\t\t<\/div><!-- blog-post-title -->\n\t<\/div><!-- blog-post-content-wrap -->\n\t\t<div class=\"blog-post-author\">\n\t\t<i class=\"houzez-icon icon-single-neutral mr-1\"><\/i>  AdHern\u00e1ndez\t<\/div>\n\t<\/div><!-- blog-post-item -->                        <\/div>\n                                            <div class=\"blog-posts-slide-wrap\">\n                            <div id=\"post-32838\" class=\"blog-post-item blog-post-item-v2 post-32838 post type-post status-publish format-standard has-post-thumbnail hentry category-blog-ca\">\n\t\n\t\t<div class=\"blog-post-thumb\">\n\t\t<a href=\"https:\/\/adhernandez.com\/ca\/2026\/03\/08\/puc-aparcar-el-cotxe-i-la-moto-en-la-mateixa-placa-de-garatge\/\" class=\"hover-effect\">\n\t\t\t<img decoding=\"async\" width=\"592\" height=\"444\" src=\"https:\/\/adhernandez.com\/wp-content\/uploads\/2026\/04\/plaza-de-moto-y-coche-592x444.jpg\" class=\"img-fluid wp-post-image\" alt=\"\" srcset=\"https:\/\/adhernandez.com\/wp-content\/uploads\/2026\/04\/plaza-de-moto-y-coche-592x444.jpg 592w, https:\/\/adhernandez.com\/wp-content\/uploads\/2026\/04\/plaza-de-moto-y-coche-584x438.jpg 584w, https:\/\/adhernandez.com\/wp-content\/uploads\/2026\/04\/plaza-de-moto-y-coche-120x90.jpg 120w\" sizes=\"(max-width: 592px) 100vw, 592px\" \/>\t\t<\/a>\n\t<\/div><!-- blog-post-thumb -->\n\t\n\t<div class=\"blog-post-content-wrap \">\n\t\t<div class=\"blog-post-meta\">\n\t\t\t<ul class=\"list-inline\">\n\t\t\t\t\t\t\t\t<li class=\"list-inline-item\">\n\t\t\t\t\t<time datetime=\"8 de mar\u00e7 de 2026\"><i class=\"houzez-icon icon-calendar-3 mr-1\"><\/i> 8 de mar\u00e7 de 2026<\/time>\n\t\t\t\t<\/li>\n\t\t\t\t\n\t\t\t\t\t\t\t\t<li class=\"list-inline-item\">\n\t\t\t\t\t<i class=\"houzez-icon icon-tags mr-1\"><\/i> <a href=\"https:\/\/adhernandez.com\/ca\/category\/blog-ca\/\" rel=\"category tag\">blog<\/a>\t\t\t\t<\/li>\n\t\t\t\t\t\t\t<\/ul>\n\t\t<\/div><!-- blog-post-meta -->\n\t\t<div class=\"blog-post-title\">\n\t\t\t<h3><a href=\"https:\/\/adhernandez.com\/ca\/2026\/03\/08\/puc-aparcar-el-cotxe-i-la-moto-en-la-mateixa-placa-de-garatge\/\">Puc aparcar el cotxe i la moto en la mateixa pla\u00e7a de garatge?<\/a><\/h3>\n\t\t<\/div><!-- blog-post-title -->\n\t<\/div><!-- blog-post-content-wrap -->\n\t\t<div class=\"blog-post-author\">\n\t\t<i class=\"houzez-icon icon-single-neutral mr-1\"><\/i>  AdHern\u00e1ndez\t<\/div>\n\t<\/div><!-- blog-post-item -->                        <\/div>\n                                            <div class=\"blog-posts-slide-wrap\">\n                            <div id=\"post-32834\" class=\"blog-post-item blog-post-item-v2 post-32834 post type-post status-publish format-standard has-post-thumbnail hentry category-blog-ca category-compra\">\n\t\n\t\t<div class=\"blog-post-thumb\">\n\t\t<a href=\"https:\/\/adhernandez.com\/ca\/2026\/02\/23\/tot-sobre-el-certificat-energetic\/\" class=\"hover-effect\">\n\t\t\t<img loading=\"lazy\" decoding=\"async\" width=\"592\" height=\"444\" src=\"https:\/\/adhernandez.com\/wp-content\/uploads\/2026\/02\/eficiencia-energetica-casa-592x444.jpg\" class=\"img-fluid wp-post-image\" alt=\"\" srcset=\"https:\/\/adhernandez.com\/wp-content\/uploads\/2026\/02\/eficiencia-energetica-casa-592x444.jpg 592w, https:\/\/adhernandez.com\/wp-content\/uploads\/2026\/02\/eficiencia-energetica-casa-584x438.jpg 584w, https:\/\/adhernandez.com\/wp-content\/uploads\/2026\/02\/eficiencia-energetica-casa-120x90.jpg 120w\" sizes=\"(max-width: 592px) 100vw, 592px\" \/>\t\t<\/a>\n\t<\/div><!-- blog-post-thumb -->\n\t\n\t<div class=\"blog-post-content-wrap \">\n\t\t<div class=\"blog-post-meta\">\n\t\t\t<ul class=\"list-inline\">\n\t\t\t\t\t\t\t\t<li class=\"list-inline-item\">\n\t\t\t\t\t<time datetime=\"23 de febrer de 2026\"><i class=\"houzez-icon icon-calendar-3 mr-1\"><\/i> 23 de febrer de 2026<\/time>\n\t\t\t\t<\/li>\n\t\t\t\t\n\t\t\t\t\t\t\t\t<li class=\"list-inline-item\">\n\t\t\t\t\t<i class=\"houzez-icon icon-tags mr-1\"><\/i> <a href=\"https:\/\/adhernandez.com\/ca\/category\/blog-ca\/\" rel=\"category tag\">blog<\/a>, <a href=\"https:\/\/adhernandez.com\/ca\/category\/compra\/\" rel=\"category tag\">Compra<\/a>\t\t\t\t<\/li>\n\t\t\t\t\t\t\t<\/ul>\n\t\t<\/div><!-- blog-post-meta -->\n\t\t<div class=\"blog-post-title\">\n\t\t\t<h3><a href=\"https:\/\/adhernandez.com\/ca\/2026\/02\/23\/tot-sobre-el-certificat-energetic\/\">Tot sobre el certificat energ\u00e8tic<\/a><\/h3>\n\t\t<\/div><!-- blog-post-title -->\n\t<\/div><!-- blog-post-content-wrap -->\n\t\t<div class=\"blog-post-author\">\n\t\t<i class=\"houzez-icon icon-single-neutral mr-1\"><\/i>  AdHern\u00e1ndez\t<\/div>\n\t<\/div><!-- blog-post-item -->                        <\/div>\n                                            <div class=\"blog-posts-slide-wrap\">\n                            <div id=\"post-32830\" class=\"blog-post-item blog-post-item-v2 post-32830 post type-post status-publish format-standard has-post-thumbnail hentry category-alquiler category-blog-ca category-propiedad-horizontal-ca\">\n\t\n\t\t<div class=\"blog-post-thumb\">\n\t\t<a href=\"https:\/\/adhernandez.com\/ca\/2026\/02\/11\/es-possible-extingir-un-contracte-de-lloguer-de-renda-antiga\/\" class=\"hover-effect\">\n\t\t\t<img loading=\"lazy\" decoding=\"async\" width=\"592\" height=\"444\" src=\"https:\/\/adhernandez.com\/wp-content\/uploads\/2026\/02\/alquiler-de-renta-antigua-592x444.jpg\" class=\"img-fluid wp-post-image\" alt=\"\" srcset=\"https:\/\/adhernandez.com\/wp-content\/uploads\/2026\/02\/alquiler-de-renta-antigua-592x444.jpg 592w, https:\/\/adhernandez.com\/wp-content\/uploads\/2026\/02\/alquiler-de-renta-antigua-584x438.jpg 584w, https:\/\/adhernandez.com\/wp-content\/uploads\/2026\/02\/alquiler-de-renta-antigua-120x90.jpg 120w\" sizes=\"(max-width: 592px) 100vw, 592px\" \/>\t\t<\/a>\n\t<\/div><!-- blog-post-thumb -->\n\t\n\t<div class=\"blog-post-content-wrap \">\n\t\t<div class=\"blog-post-meta\">\n\t\t\t<ul class=\"list-inline\">\n\t\t\t\t\t\t\t\t<li class=\"list-inline-item\">\n\t\t\t\t\t<time datetime=\"11 de febrer de 2026\"><i class=\"houzez-icon icon-calendar-3 mr-1\"><\/i> 11 de febrer de 2026<\/time>\n\t\t\t\t<\/li>\n\t\t\t\t\n\t\t\t\t\t\t\t\t<li class=\"list-inline-item\">\n\t\t\t\t\t<i class=\"houzez-icon icon-tags mr-1\"><\/i> <a href=\"https:\/\/adhernandez.com\/ca\/category\/alquiler\/\" rel=\"category tag\">Alquiler<\/a>, <a href=\"https:\/\/adhernandez.com\/ca\/category\/blog-ca\/\" rel=\"category tag\">blog<\/a>, <a href=\"https:\/\/adhernandez.com\/ca\/category\/propiedad-horizontal-ca\/\" rel=\"category tag\">Propiedad Horizontal<\/a>\t\t\t\t<\/li>\n\t\t\t\t\t\t\t<\/ul>\n\t\t<\/div><!-- blog-post-meta -->\n\t\t<div class=\"blog-post-title\">\n\t\t\t<h3><a href=\"https:\/\/adhernandez.com\/ca\/2026\/02\/11\/es-possible-extingir-un-contracte-de-lloguer-de-renda-antiga\/\">\u00c9s possible extingir un contracte de lloguer de renda antiga?<\/a><\/h3>\n\t\t<\/div><!-- blog-post-title -->\n\t<\/div><!-- blog-post-content-wrap -->\n\t\t<div class=\"blog-post-author\">\n\t\t<i class=\"houzez-icon icon-single-neutral mr-1\"><\/i>  AdHern\u00e1ndez\t<\/div>\n\t<\/div><!-- blog-post-item -->                        <\/div>\n                                            <div class=\"blog-posts-slide-wrap\">\n                            <div id=\"post-32569\" class=\"blog-post-item blog-post-item-v2 post-32569 post type-post status-publish format-standard has-post-thumbnail hentry category-propiedad-horizontal-ca\">\n\t\n\t\t<div class=\"blog-post-thumb\">\n\t\t<a href=\"https:\/\/adhernandez.com\/ca\/2026\/01\/21\/com-selegeix-al-president-de-la-comunitat-de-veins-segons-la-normativa-vigent\/\" class=\"hover-effect\">\n\t\t\t<img loading=\"lazy\" decoding=\"async\" width=\"592\" height=\"444\" src=\"https:\/\/adhernandez.com\/wp-content\/uploads\/2026\/01\/elegir-presidente-comunidad--592x444.jpg\" class=\"img-fluid wp-post-image\" alt=\"\" srcset=\"https:\/\/adhernandez.com\/wp-content\/uploads\/2026\/01\/elegir-presidente-comunidad--592x444.jpg 592w, https:\/\/adhernandez.com\/wp-content\/uploads\/2026\/01\/elegir-presidente-comunidad--584x438.jpg 584w, https:\/\/adhernandez.com\/wp-content\/uploads\/2026\/01\/elegir-presidente-comunidad--120x90.jpg 120w\" sizes=\"(max-width: 592px) 100vw, 592px\" \/>\t\t<\/a>\n\t<\/div><!-- blog-post-thumb -->\n\t\n\t<div class=\"blog-post-content-wrap \">\n\t\t<div class=\"blog-post-meta\">\n\t\t\t<ul class=\"list-inline\">\n\t\t\t\t\t\t\t\t<li class=\"list-inline-item\">\n\t\t\t\t\t<time datetime=\"21 de gener de 2026\"><i class=\"houzez-icon icon-calendar-3 mr-1\"><\/i> 21 de gener de 2026<\/time>\n\t\t\t\t<\/li>\n\t\t\t\t\n\t\t\t\t\t\t\t\t<li class=\"list-inline-item\">\n\t\t\t\t\t<i class=\"houzez-icon icon-tags mr-1\"><\/i> <a href=\"https:\/\/adhernandez.com\/ca\/category\/propiedad-horizontal-ca\/\" rel=\"category tag\">Propiedad Horizontal<\/a>\t\t\t\t<\/li>\n\t\t\t\t\t\t\t<\/ul>\n\t\t<\/div><!-- blog-post-meta -->\n\t\t<div class=\"blog-post-title\">\n\t\t\t<h3><a href=\"https:\/\/adhernandez.com\/ca\/2026\/01\/21\/com-selegeix-al-president-de-la-comunitat-de-veins-segons-la-normativa-vigent\/\">Com s&#8217;elegeix al president de la comunitat de ve\u00efns segons la normativa vigent?<\/a><\/h3>\n\t\t<\/div><!-- blog-post-title -->\n\t<\/div><!-- blog-post-content-wrap -->\n\t\t<div class=\"blog-post-author\">\n\t\t<i class=\"houzez-icon icon-single-neutral mr-1\"><\/i>  AdHern\u00e1ndez\t<\/div>\n\t<\/div><!-- blog-post-item -->                        <\/div>\n                                            <div class=\"blog-posts-slide-wrap\">\n                            <div id=\"post-32565\" class=\"blog-post-item blog-post-item-v2 post-32565 post type-post status-publish format-standard has-post-thumbnail hentry category-propiedad-horizontal-ca\">\n\t\n\t\t<div class=\"blog-post-thumb\">\n\t\t<a href=\"https:\/\/adhernandez.com\/ca\/2026\/01\/13\/qui-paga-les-vesses-en-comprar-un-pis-guia-per-a-evitar-sorpreses-en-la-compravenda\/\" class=\"hover-effect\">\n\t\t\t<img loading=\"lazy\" decoding=\"async\" width=\"592\" height=\"444\" src=\"https:\/\/adhernandez.com\/wp-content\/uploads\/2026\/01\/derramas-en-comunidad-de-vecinos-592x444.jpg\" class=\"img-fluid wp-post-image\" alt=\"\" srcset=\"https:\/\/adhernandez.com\/wp-content\/uploads\/2026\/01\/derramas-en-comunidad-de-vecinos-592x444.jpg 592w, https:\/\/adhernandez.com\/wp-content\/uploads\/2026\/01\/derramas-en-comunidad-de-vecinos-584x438.jpg 584w, https:\/\/adhernandez.com\/wp-content\/uploads\/2026\/01\/derramas-en-comunidad-de-vecinos-120x90.jpg 120w\" sizes=\"(max-width: 592px) 100vw, 592px\" \/>\t\t<\/a>\n\t<\/div><!-- blog-post-thumb -->\n\t\n\t<div class=\"blog-post-content-wrap \">\n\t\t<div class=\"blog-post-meta\">\n\t\t\t<ul class=\"list-inline\">\n\t\t\t\t\t\t\t\t<li class=\"list-inline-item\">\n\t\t\t\t\t<time datetime=\"13 de gener de 2026\"><i class=\"houzez-icon icon-calendar-3 mr-1\"><\/i> 13 de gener de 2026<\/time>\n\t\t\t\t<\/li>\n\t\t\t\t\n\t\t\t\t\t\t\t\t<li class=\"list-inline-item\">\n\t\t\t\t\t<i class=\"houzez-icon icon-tags mr-1\"><\/i> <a href=\"https:\/\/adhernandez.com\/ca\/category\/propiedad-horizontal-ca\/\" rel=\"category tag\">Propiedad Horizontal<\/a>\t\t\t\t<\/li>\n\t\t\t\t\t\t\t<\/ul>\n\t\t<\/div><!-- blog-post-meta -->\n\t\t<div class=\"blog-post-title\">\n\t\t\t<h3><a href=\"https:\/\/adhernandez.com\/ca\/2026\/01\/13\/qui-paga-les-vesses-en-comprar-un-pis-guia-per-a-evitar-sorpreses-en-la-compravenda\/\">Qui paga les vesses en comprar un pis? Guia per a evitar sorpreses en la compravenda<\/a><\/h3>\n\t\t<\/div><!-- blog-post-title -->\n\t<\/div><!-- blog-post-content-wrap -->\n\t\t<div class=\"blog-post-author\">\n\t\t<i class=\"houzez-icon icon-single-neutral mr-1\"><\/i>  AdHern\u00e1ndez\t<\/div>\n\t<\/div><!-- blog-post-item -->                        <\/div>\n                                            <div class=\"blog-posts-slide-wrap\">\n                            <div id=\"post-32498\" class=\"blog-post-item blog-post-item-v2 post-32498 post type-post status-publish format-standard has-post-thumbnail hentry category-propiedad-horizontal-ca\">\n\t\n\t\t<div class=\"blog-post-thumb\">\n\t\t<a href=\"https:\/\/adhernandez.com\/ca\/2025\/12\/22\/es-possible-privar-de-lascensor-a-un-propietari-moros\/\" class=\"hover-effect\">\n\t\t\t<img loading=\"lazy\" decoding=\"async\" width=\"592\" height=\"444\" src=\"https:\/\/adhernandez.com\/wp-content\/uploads\/2026\/01\/limitar-uso-ascensor-592x444.jpg\" class=\"img-fluid wp-post-image\" alt=\"\" srcset=\"https:\/\/adhernandez.com\/wp-content\/uploads\/2026\/01\/limitar-uso-ascensor-592x444.jpg 592w, https:\/\/adhernandez.com\/wp-content\/uploads\/2026\/01\/limitar-uso-ascensor-584x438.jpg 584w, https:\/\/adhernandez.com\/wp-content\/uploads\/2026\/01\/limitar-uso-ascensor-120x90.jpg 120w\" sizes=\"(max-width: 592px) 100vw, 592px\" \/>\t\t<\/a>\n\t<\/div><!-- blog-post-thumb -->\n\t\n\t<div class=\"blog-post-content-wrap \">\n\t\t<div class=\"blog-post-meta\">\n\t\t\t<ul class=\"list-inline\">\n\t\t\t\t\t\t\t\t<li class=\"list-inline-item\">\n\t\t\t\t\t<time datetime=\"22 de desembre de 2025\"><i class=\"houzez-icon icon-calendar-3 mr-1\"><\/i> 22 de desembre de 2025<\/time>\n\t\t\t\t<\/li>\n\t\t\t\t\n\t\t\t\t\t\t\t\t<li class=\"list-inline-item\">\n\t\t\t\t\t<i class=\"houzez-icon icon-tags mr-1\"><\/i> <a href=\"https:\/\/adhernandez.com\/ca\/category\/propiedad-horizontal-ca\/\" rel=\"category tag\">Propiedad Horizontal<\/a>\t\t\t\t<\/li>\n\t\t\t\t\t\t\t<\/ul>\n\t\t<\/div><!-- blog-post-meta -->\n\t\t<div class=\"blog-post-title\">\n\t\t\t<h3><a href=\"https:\/\/adhernandez.com\/ca\/2025\/12\/22\/es-possible-privar-de-lascensor-a-un-propietari-moros\/\">\u00c9s possible privar de l&#8217;ascensor a un propietari mor\u00f3s?<\/a><\/h3>\n\t\t<\/div><!-- blog-post-title -->\n\t<\/div><!-- blog-post-content-wrap -->\n\t\t<div class=\"blog-post-author\">\n\t\t<i class=\"houzez-icon icon-single-neutral mr-1\"><\/i>  AdHern\u00e1ndez\t<\/div>\n\t<\/div><!-- blog-post-item -->                        <\/div>\n                                            <div class=\"blog-posts-slide-wrap\">\n                            <div id=\"post-32482\" class=\"blog-post-item blog-post-item-v2 post-32482 post type-post status-publish format-standard has-post-thumbnail hentry category-propiedad-horizontal-ca\">\n\t\n\t\t<div class=\"blog-post-thumb\">\n\t\t<a href=\"https:\/\/adhernandez.com\/ca\/2025\/12\/11\/tancament-fiscal-2025-i-planificacio-2026-les-deduccions-clau-per-al-seu-immoble\/\" class=\"hover-effect\">\n\t\t\t<img loading=\"lazy\" decoding=\"async\" width=\"592\" height=\"444\" src=\"https:\/\/adhernandez.com\/wp-content\/uploads\/2025\/11\/cierre-fiscal-2025-592x444.webp\" class=\"img-fluid wp-post-image\" alt=\"\" srcset=\"https:\/\/adhernandez.com\/wp-content\/uploads\/2025\/11\/cierre-fiscal-2025-592x444.webp 592w, https:\/\/adhernandez.com\/wp-content\/uploads\/2025\/11\/cierre-fiscal-2025-584x438.webp 584w, https:\/\/adhernandez.com\/wp-content\/uploads\/2025\/11\/cierre-fiscal-2025-120x90.webp 120w\" sizes=\"(max-width: 592px) 100vw, 592px\" \/>\t\t<\/a>\n\t<\/div><!-- blog-post-thumb -->\n\t\n\t<div class=\"blog-post-content-wrap \">\n\t\t<div class=\"blog-post-meta\">\n\t\t\t<ul class=\"list-inline\">\n\t\t\t\t\t\t\t\t<li class=\"list-inline-item\">\n\t\t\t\t\t<time datetime=\"11 de desembre de 2025\"><i class=\"houzez-icon icon-calendar-3 mr-1\"><\/i> 11 de desembre de 2025<\/time>\n\t\t\t\t<\/li>\n\t\t\t\t\n\t\t\t\t\t\t\t\t<li class=\"list-inline-item\">\n\t\t\t\t\t<i class=\"houzez-icon icon-tags mr-1\"><\/i> <a href=\"https:\/\/adhernandez.com\/ca\/category\/propiedad-horizontal-ca\/\" rel=\"category tag\">Propiedad Horizontal<\/a>\t\t\t\t<\/li>\n\t\t\t\t\t\t\t<\/ul>\n\t\t<\/div><!-- blog-post-meta -->\n\t\t<div class=\"blog-post-title\">\n\t\t\t<h3><a href=\"https:\/\/adhernandez.com\/ca\/2025\/12\/11\/tancament-fiscal-2025-i-planificacio-2026-les-deduccions-clau-per-al-seu-immoble\/\">Tancament Fiscal 2025 i Planificaci\u00f3 2026: Les Deduccions Clau per al seu Immoble<\/a><\/h3>\n\t\t<\/div><!-- blog-post-title -->\n\t<\/div><!-- blog-post-content-wrap -->\n\t\t<div class=\"blog-post-author\">\n\t\t<i class=\"houzez-icon icon-single-neutral mr-1\"><\/i>  AdHern\u00e1ndez\t<\/div>\n\t<\/div><!-- blog-post-item -->                        <\/div>\n                                    <\/div>\n            <\/div>\n        <\/div><!-- blog-posts-module -->\n\n        \t\t\t\t<\/div>\n\t\t\t\t<\/div>\n\t\t\t\t<div class=\"elementor-element elementor-element-2389565 elementor-widget elementor-widget-houzez_elementor_space\" data-id=\"2389565\" data-element_type=\"widget\" data-e-type=\"widget\" data-widget_type=\"houzez_elementor_space.default\">\n\t\t\t\t<div class=\"elementor-widget-container\">\n\t\t\t\t\t        <div class=\"houzez-spacer\">\n            <div class=\"houzez-spacer-inner\"><\/div>\n        <\/div>\n        \t\t\t\t<\/div>\n\t\t\t\t<\/div>\n\t\t\t\t\t<\/div>\n\t\t<\/div>\n\t\t\t\t\t<\/div>\n\t\t<\/section>\n\t\t\t\t<\/div>\n\t\t","protected":false},"excerpt":{"rendered":"<p>Blog Darreres entrades Prev Next 22 d&#8217;agost de 2020 Propietat horitzontal Es requereix algun tipus d&#8217;autoritzaci\u00f3 administrativa per a segregar o agrupar el meu habitatge? Vols convertir el teu habitatge en dos? o per contra vols fer-lo m\u00e9s gran? T&#8217;indiquem tot el que has de saber AdHern\u00e1ndez 14 d&#8217;agost de 2020 Propietat Vertical Impacte tributari [&hellip;]<\/p>\n","protected":false},"author":2,"featured_media":0,"parent":0,"menu_order":0,"comment_status":"closed","ping_status":"closed","template":"template\/template-homepage.php","meta":{"footnotes":""},"class_list":["post-17908","page","type-page","status-publish","hentry"],"yoast_head":"<!-- This site is optimized with the Yoast SEO plugin v27.4 - https:\/\/yoast.com\/product\/yoast-seo-wordpress\/ -->\n<title>Blog Ad. Hern\u00e1ndez - Administraciones Hern\u00e1ndez<\/title>\n<meta name=\"robots\" content=\"index, follow, max-snippet:-1, max-image-preview:large, max-video-preview:-1\" \/>\n<link rel=\"canonical\" href=\"https:\/\/adhernandez.com\/ca\/blog-ad-hernandez\/\" \/>\n<meta property=\"og:locale\" content=\"ca_ES\" \/>\n<meta property=\"og:type\" content=\"article\" \/>\n<meta property=\"og:title\" content=\"Blog Ad. Hern\u00e1ndez - Administraciones Hern\u00e1ndez\" \/>\n<meta property=\"og:description\" content=\"Blog Darreres entrades Prev Next 22 d&#8217;agost de 2020 Propietat horitzontal Es requereix algun tipus d&#8217;autoritzaci\u00f3 administrativa per a segregar o agrupar el meu habitatge? Vols convertir el teu habitatge en dos? o per contra vols fer-lo m\u00e9s gran? T&#8217;indiquem tot el que has de saber AdHern\u00e1ndez 14 d&#8217;agost de 2020 Propietat Vertical Impacte tributari [&hellip;]\" \/>\n<meta property=\"og:url\" content=\"https:\/\/adhernandez.com\/ca\/blog-ad-hernandez\/\" \/>\n<meta property=\"og:site_name\" content=\"Administraciones Hern\u00e1ndez\" \/>\n<meta property=\"article:modified_time\" content=\"2020-11-24T13:05:49+00:00\" \/>\n<meta property=\"og:image\" content=\"https:\/\/adhernandez.com\/wp-content\/uploads\/2020\/08\/reformas-casa-592x444.jpg\" \/>\n<meta name=\"twitter:card\" content=\"summary_large_image\" \/>\n<meta name=\"twitter:label1\" content=\"Temps estimat de lectura\" \/>\n\t<meta name=\"twitter:data1\" content=\"2 minuts\" \/>\n<script type=\"application\/ld+json\" class=\"yoast-schema-graph\">{\"@context\":\"https:\\\/\\\/schema.org\",\"@graph\":[{\"@type\":\"WebPage\",\"@id\":\"https:\\\/\\\/adhernandez.com\\\/ca\\\/blog-ad-hernandez\\\/\",\"url\":\"https:\\\/\\\/adhernandez.com\\\/ca\\\/blog-ad-hernandez\\\/\",\"name\":\"Blog Ad. Hern\u00e1ndez - Administraciones Hern\u00e1ndez\",\"isPartOf\":{\"@id\":\"https:\\\/\\\/adhernandez.com\\\/ca\\\/#website\"},\"primaryImageOfPage\":{\"@id\":\"https:\\\/\\\/adhernandez.com\\\/ca\\\/blog-ad-hernandez\\\/#primaryimage\"},\"image\":{\"@id\":\"https:\\\/\\\/adhernandez.com\\\/ca\\\/blog-ad-hernandez\\\/#primaryimage\"},\"thumbnailUrl\":\"https:\\\/\\\/adhernandez.com\\\/wp-content\\\/uploads\\\/2020\\\/08\\\/reformas-casa-592x444.jpg\",\"datePublished\":\"2020-09-22T12:01:10+00:00\",\"dateModified\":\"2020-11-24T13:05:49+00:00\",\"breadcrumb\":{\"@id\":\"https:\\\/\\\/adhernandez.com\\\/ca\\\/blog-ad-hernandez\\\/#breadcrumb\"},\"inLanguage\":\"ca\",\"potentialAction\":[{\"@type\":\"ReadAction\",\"target\":[\"https:\\\/\\\/adhernandez.com\\\/ca\\\/blog-ad-hernandez\\\/\"]}]},{\"@type\":\"ImageObject\",\"inLanguage\":\"ca\",\"@id\":\"https:\\\/\\\/adhernandez.com\\\/ca\\\/blog-ad-hernandez\\\/#primaryimage\",\"url\":\"https:\\\/\\\/adhernandez.com\\\/wp-content\\\/uploads\\\/2020\\\/08\\\/reformas-casa-592x444.jpg\",\"contentUrl\":\"https:\\\/\\\/adhernandez.com\\\/wp-content\\\/uploads\\\/2020\\\/08\\\/reformas-casa-592x444.jpg\"},{\"@type\":\"BreadcrumbList\",\"@id\":\"https:\\\/\\\/adhernandez.com\\\/ca\\\/blog-ad-hernandez\\\/#breadcrumb\",\"itemListElement\":[{\"@type\":\"ListItem\",\"position\":1,\"name\":\"Portada\",\"item\":\"https:\\\/\\\/adhernandez.com\\\/ca\\\/adhernandez-inicio\\\/\"},{\"@type\":\"ListItem\",\"position\":2,\"name\":\"Blog Ad. Hern\u00e1ndez\"}]},{\"@type\":\"WebSite\",\"@id\":\"https:\\\/\\\/adhernandez.com\\\/ca\\\/#website\",\"url\":\"https:\\\/\\\/adhernandez.com\\\/ca\\\/\",\"name\":\"Administraciones Hern\u00e1ndez\",\"description\":\"Equipo de profesionales con amplia experiencia en la gesti\u00f3n del patrimonio inmobiliario\",\"potentialAction\":[{\"@type\":\"SearchAction\",\"target\":{\"@type\":\"EntryPoint\",\"urlTemplate\":\"https:\\\/\\\/adhernandez.com\\\/ca\\\/?s={search_term_string}\"},\"query-input\":{\"@type\":\"PropertyValueSpecification\",\"valueRequired\":true,\"valueName\":\"search_term_string\"}}],\"inLanguage\":\"ca\"}]}<\/script>\n<!-- \/ Yoast SEO plugin. -->","yoast_head_json":{"title":"Blog Ad. Hern\u00e1ndez - Administraciones Hern\u00e1ndez","robots":{"index":"index","follow":"follow","max-snippet":"max-snippet:-1","max-image-preview":"max-image-preview:large","max-video-preview":"max-video-preview:-1"},"canonical":"https:\/\/adhernandez.com\/ca\/blog-ad-hernandez\/","og_locale":"ca_ES","og_type":"article","og_title":"Blog Ad. Hern\u00e1ndez - Administraciones Hern\u00e1ndez","og_description":"Blog Darreres entrades Prev Next 22 d&#8217;agost de 2020 Propietat horitzontal Es requereix algun tipus d&#8217;autoritzaci\u00f3 administrativa per a segregar o agrupar el meu habitatge? Vols convertir el teu habitatge en dos? o per contra vols fer-lo m\u00e9s gran? T&#8217;indiquem tot el que has de saber AdHern\u00e1ndez 14 d&#8217;agost de 2020 Propietat Vertical Impacte tributari [&hellip;]","og_url":"https:\/\/adhernandez.com\/ca\/blog-ad-hernandez\/","og_site_name":"Administraciones Hern\u00e1ndez","article_modified_time":"2020-11-24T13:05:49+00:00","og_image":[{"url":"https:\/\/adhernandez.com\/wp-content\/uploads\/2020\/08\/reformas-casa-592x444.jpg","type":"","width":"","height":""}],"twitter_card":"summary_large_image","twitter_misc":{"Temps estimat de lectura":"2 minuts"},"schema":{"@context":"https:\/\/schema.org","@graph":[{"@type":"WebPage","@id":"https:\/\/adhernandez.com\/ca\/blog-ad-hernandez\/","url":"https:\/\/adhernandez.com\/ca\/blog-ad-hernandez\/","name":"Blog Ad. Hern\u00e1ndez - Administraciones Hern\u00e1ndez","isPartOf":{"@id":"https:\/\/adhernandez.com\/ca\/#website"},"primaryImageOfPage":{"@id":"https:\/\/adhernandez.com\/ca\/blog-ad-hernandez\/#primaryimage"},"image":{"@id":"https:\/\/adhernandez.com\/ca\/blog-ad-hernandez\/#primaryimage"},"thumbnailUrl":"https:\/\/adhernandez.com\/wp-content\/uploads\/2020\/08\/reformas-casa-592x444.jpg","datePublished":"2020-09-22T12:01:10+00:00","dateModified":"2020-11-24T13:05:49+00:00","breadcrumb":{"@id":"https:\/\/adhernandez.com\/ca\/blog-ad-hernandez\/#breadcrumb"},"inLanguage":"ca","potentialAction":[{"@type":"ReadAction","target":["https:\/\/adhernandez.com\/ca\/blog-ad-hernandez\/"]}]},{"@type":"ImageObject","inLanguage":"ca","@id":"https:\/\/adhernandez.com\/ca\/blog-ad-hernandez\/#primaryimage","url":"https:\/\/adhernandez.com\/wp-content\/uploads\/2020\/08\/reformas-casa-592x444.jpg","contentUrl":"https:\/\/adhernandez.com\/wp-content\/uploads\/2020\/08\/reformas-casa-592x444.jpg"},{"@type":"BreadcrumbList","@id":"https:\/\/adhernandez.com\/ca\/blog-ad-hernandez\/#breadcrumb","itemListElement":[{"@type":"ListItem","position":1,"name":"Portada","item":"https:\/\/adhernandez.com\/ca\/adhernandez-inicio\/"},{"@type":"ListItem","position":2,"name":"Blog Ad. Hern\u00e1ndez"}]},{"@type":"WebSite","@id":"https:\/\/adhernandez.com\/ca\/#website","url":"https:\/\/adhernandez.com\/ca\/","name":"Administraciones Hern\u00e1ndez","description":"Equipo de profesionales con amplia experiencia en la gesti\u00f3n del patrimonio inmobiliario","potentialAction":[{"@type":"SearchAction","target":{"@type":"EntryPoint","urlTemplate":"https:\/\/adhernandez.com\/ca\/?s={search_term_string}"},"query-input":{"@type":"PropertyValueSpecification","valueRequired":true,"valueName":"search_term_string"}}],"inLanguage":"ca"}]}},"_links":{"self":[{"href":"https:\/\/adhernandez.com\/ca\/wp-json\/wp\/v2\/pages\/17908","targetHints":{"allow":["GET"]}}],"collection":[{"href":"https:\/\/adhernandez.com\/ca\/wp-json\/wp\/v2\/pages"}],"about":[{"href":"https:\/\/adhernandez.com\/ca\/wp-json\/wp\/v2\/types\/page"}],"author":[{"embeddable":true,"href":"https:\/\/adhernandez.com\/ca\/wp-json\/wp\/v2\/users\/2"}],"replies":[{"embeddable":true,"href":"https:\/\/adhernandez.com\/ca\/wp-json\/wp\/v2\/comments?post=17908"}],"version-history":[{"count":0,"href":"https:\/\/adhernandez.com\/ca\/wp-json\/wp\/v2\/pages\/17908\/revisions"}],"wp:attachment":[{"href":"https:\/\/adhernandez.com\/ca\/wp-json\/wp\/v2\/media?parent=17908"}],"curies":[{"name":"wp","href":"https:\/\/api.w.org\/{rel}","templated":true}]}}